{"id":334,"date":"2025-05-20T09:05:57","date_gmt":"2025-05-20T09:05:57","guid":{"rendered":"http:\/\/wordpress.p694928.webspaceconfig.de\/?page_id=334"},"modified":"2025-10-30T10:25:51","modified_gmt":"2025-10-30T09:25:51","slug":"startseite","status":"publish","type":"page","link":"https:\/\/www.km-kuechenmeile.de\/en\/","title":{"rendered":"Kitchen Mile - Home"},"content":{"rendered":"\t\t<div data-elementor-type=\"wp-page\" data-elementor-id=\"334\" class=\"elementor elementor-334\" data-elementor-post-type=\"page\">\n\t\t\t\t<div class=\"elementor-element elementor-element-550b4cf e-con-full e-flex e-con e-parent\" data-id=\"550b4cf\" data-element_type=\"container\" data-e-type=\"container\" data-settings=\"{&quot;background_background&quot;:&quot;slideshow&quot;,&quot;background_slideshow_gallery&quot;:[],&quot;background_slideshow_loop&quot;:&quot;yes&quot;,&quot;background_slideshow_slide_duration&quot;:5000,&quot;background_slideshow_slide_transition&quot;:&quot;fade&quot;,&quot;background_slideshow_transition_duration&quot;:500}\">\n\t\t<div class=\"elementor-element elementor-element-3362fa8 e-con-full e-flex e-con e-child\" data-id=\"3362fa8\" data-element_type=\"container\" data-e-type=\"container\">\n\t\t<div class=\"elementor-element elementor-element-64a5d8f max-width e-con-full e-flex e-con e-child\" data-id=\"64a5d8f\" data-element_type=\"container\" data-e-type=\"container\">\n\t\t<div class=\"elementor-element elementor-element-2b98bd1 e-con-full e-flex e-con e-child\" data-id=\"2b98bd1\" data-element_type=\"container\" data-e-type=\"container\">\n\t\t\t\t<div class=\"elementor-element elementor-element-bce2b7b elementor-widget elementor-widget-heading\" data-id=\"bce2b7b\" data-element_type=\"widget\" data-e-type=\"widget\" data-widget_type=\"heading.default\">\n\t\t\t\t<div class=\"elementor-widget-container\">\n\t\t\t\t\t<h2 class=\"elementor-heading-title elementor-size-default\">Willkommen bei der K\u00fcchenmeile A30 <\/h2>\t\t\t\t<\/div>\n\t\t\t\t<\/div>\n\t\t\t\t<div class=\"elementor-element elementor-element-dc69809 elementor-widget elementor-widget-heading\" data-id=\"dc69809\" data-element_type=\"widget\" data-e-type=\"widget\" data-widget_type=\"heading.default\">\n\t\t\t\t<div class=\"elementor-widget-container\">\n\t\t\t\t\t<h1 class=\"elementor-heading-title elementor-size-default\">Europas f\u00fchrende B2B-Plattform f\u00fcr K\u00fcchentrends, Wohnideen und Interior-Innovation<\/h1>\t\t\t\t<\/div>\n\t\t\t\t<\/div>\n\t\t\t\t<div data-dce-text-color=\"#FFFFFF\" class=\"elementor-element elementor-element-b33e174 elementor-widget elementor-widget-text-editor\" data-id=\"b33e174\" data-element_type=\"widget\" data-e-type=\"widget\" data-widget_type=\"text-editor.default\">\n\t\t\t\t<div class=\"elementor-widget-container\">\n\t\t\t\t\t\t\t\t\t<div class=\"css-fm6n7h\"><div class=\"css-1nen6ii\"><div class=\"css-un97gk\"><p>Jeweils am dritten September-Wochenende verwandelt sich eine der wirtschaftlich st\u00e4rksten M\u00f6belregionen Europas in das Zentrum f\u00fcr professionellen Austausch, Produktinnovation und Interior-Kompetenz: die K\u00fcchenmeile A30. Seit 1989 bietet dieses einzigartige Eventformat ein inspirierendes Umfeld f\u00fcr Entscheider der K\u00fcchen- und M\u00f6belbranche. In Form zahlreicher, dezentral organisierter Hausmessen f\u00fchrender Hersteller \u2013 verteilt \u00fcber Nordrhein-Westfalen und Niedersachsen \u2013 richtet sich die Veranstaltung ausschlie\u00dflich an ein Fachpublikum.<\/p><\/div><\/div><\/div>\t\t\t\t\t\t\t\t<\/div>\n\t\t\t\t<\/div>\n\t\t\t\t<div class=\"elementor-element elementor-element-a9a2211 elementor-widget elementor-widget-dce_add_to_calendar\" data-id=\"a9a2211\" data-element_type=\"widget\" data-e-type=\"widget\" data-gtm-event=\"&quot;termin-eintragen&quot;\" date-gtm-category=\"&quot;CTA&quot;\" date-gtm-label=\"&quot;Hero-BTN&quot;\" data-widget_type=\"dce_add_to_calendar.default\">\n\t\t\t\t<div class=\"elementor-widget-container\">\n\t\t\t\t\t\n\t\t<div class=\"elementor-button-wrapper\">\n\t\t\t<a download=\"Kuechenmeile-2026\" href=\"data:text\/calendar;charset=utf8;base64,QkVHSU46VkNBTEVOREFSDQpWRVJTSU9OOjIuMA0KQkVHSU46VkVWRU5UDQpVSUQ6MzQ0OGVkNGQxMzBlZjBmMWY4NGFhMmFjYzJhNjllYjMNClNVTU1BUlk6VGVybWluIGltIEthbGVuZGVyIHNwZWljaGVybg0KRFRTVEFSVDtUWklEPUV1cm9wZS9CZXJsaW46MjAyNjA5MTlUMTIwMDAwDQpEVEVORDtUWklEPUV1cm9wZS9CZXJsaW46MjAyNjA5MjVUMTIwMDAwDQpERVNDUklQVElPTjo8cD5EaWUgd2VsdGdyw7bDn3RlIEvDvGNoZW5mYWNobWVzc2UgZsO8ciBQcm9maXMgYXVzIEhhbmRlbCB1bmQgSW5kdXN0cmllIGZpbmRldCB2b20gPHN0cm9uZz4xOS4wOS4gLSAyNS4wOS4yMDI2IDwvc3Ryb25nPnN0YXR0LjwvcD4NCkVORDpWRVZFTlQNCkVORDpWQ0FMRU5EQVI=\" class=\"elementor-button-link elementor-button elementor-size-md\" target=\"_blank\" rel=\"nofollow\" role=\"button\" id=\"termin-eintragen\">\n\t\t\t\t\t<span class=\"elementor-button-content-wrapper dce-flexbox\">\n\t\t\t\t\t\t<span class=\"elementor-button-text\">Termin im Kalender speichern<\/span>\n\t\t<\/span>\n\t\t\t\t\t<\/a>\n\t\t<\/div>\n\t\t\t\t\t\t<\/div>\n\t\t\t\t<\/div>\n\t\t\t\t<\/div>\n\t\t\t\t<\/div>\n\t\t<div class=\"elementor-element elementor-element-0e1ef9b e-con-full max-width e-flex e-con e-child\" data-id=\"0e1ef9b\" data-element_type=\"container\" data-e-type=\"container\">\n\t\t<div data-dce-background-color=\"#FFFFFFCC\" class=\"elementor-element elementor-element-21b50a1 e-con-full e-flex e-con e-child\" data-id=\"21b50a1\" data-element_type=\"container\" data-e-type=\"container\" data-settings=\"{&quot;background_background&quot;:&quot;classic&quot;}\">\n\t\t\t\t<div class=\"elementor-element elementor-element-0bbb11b elementor-widget elementor-widget-text-editor\" data-id=\"0bbb11b\" data-element_type=\"widget\" data-e-type=\"widget\" data-widget_type=\"text-editor.default\">\n\t\t\t\t<div class=\"elementor-widget-container\">\n\t\t\t\t\t\t\t\t\t<p>Save the Date<\/p><p><strong>19.09. &#8211; 25.09.2026 <\/strong><br \/><strong>18.09. &#8211; 24.09.2027 <\/strong><br \/><strong>16.09. &#8211; 22.09.2028 <\/strong><br \/><strong>15.09. &#8211; 21.09.2029<\/strong><\/p>\t\t\t\t\t\t\t\t<\/div>\n\t\t\t\t<\/div>\n\t\t\t\t<\/div>\n\t\t\t\t<\/div>\n\t\t\t\t<\/div>\n\t\t\t\t<\/div>\n\t\t<div class=\"elementor-element elementor-element-51c7756 max-width e-flex e-con-boxed elementor-invisible e-con e-parent\" data-id=\"51c7756\" data-element_type=\"container\" data-e-type=\"container\" data-settings=\"{&quot;animation&quot;:&quot;fadeInUp&quot;,&quot;background_background&quot;:&quot;classic&quot;}\">\n\t\t\t\t\t<div class=\"e-con-inner\">\n\t\t<div class=\"elementor-element elementor-element-e73cceb e-con-full e-flex e-con e-child\" data-id=\"e73cceb\" data-element_type=\"container\" data-e-type=\"container\">\n\t\t\t\t<div class=\"elementor-element elementor-element-8255e9d elementor-widget elementor-widget-image\" data-id=\"8255e9d\" data-element_type=\"widget\" data-e-type=\"widget\" data-widget_type=\"image.default\">\n\t\t\t\t<div class=\"elementor-widget-container\">\n\t\t\t\t\t\t\t\t\t\t\t\t\t\t\t<img fetchpriority=\"high\" decoding=\"async\" width=\"1536\" height=\"928\" src=\"https:\/\/www.km-kuechenmeile.de\/wp-content\/uploads\/2025\/05\/Bild-fold-s-startseite-1536x928.webp\" class=\"attachment-1536x1536 size-1536x1536 wp-image-366\" alt=\"\" srcset=\"https:\/\/www.km-kuechenmeile.de\/wp-content\/uploads\/2025\/05\/Bild-fold-s-startseite-1536x928.webp 1536w, https:\/\/www.km-kuechenmeile.de\/wp-content\/uploads\/2025\/05\/Bild-fold-s-startseite-300x181.webp 300w, https:\/\/www.km-kuechenmeile.de\/wp-content\/uploads\/2025\/05\/Bild-fold-s-startseite-1024x619.webp 1024w, https:\/\/www.km-kuechenmeile.de\/wp-content\/uploads\/2025\/05\/Bild-fold-s-startseite-768x464.webp 768w, https:\/\/www.km-kuechenmeile.de\/wp-content\/uploads\/2025\/05\/Bild-fold-s-startseite-2048x1238.webp 2048w\" sizes=\"(max-width: 1536px) 100vw, 1536px\" \/>\t\t\t\t\t\t\t\t\t\t\t\t\t\t\t<\/div>\n\t\t\t\t<\/div>\n\t\t<div class=\"elementor-element elementor-element-70bc663 e-con-full e-flex e-con e-child\" data-id=\"70bc663\" data-element_type=\"container\" data-e-type=\"container\" data-settings=\"{&quot;background_background&quot;:&quot;classic&quot;}\">\n\t\t\t\t<div class=\"elementor-element elementor-element-cf49970 elementor-widget elementor-widget-heading\" data-id=\"cf49970\" data-element_type=\"widget\" data-e-type=\"widget\" data-widget_type=\"heading.default\">\n\t\t\t\t<div class=\"elementor-widget-container\">\n\t\t\t\t\t<h2 class=\"elementor-heading-title elementor-size-default\">Partnerschaft gelebt...<\/h2>\t\t\t\t<\/div>\n\t\t\t\t<\/div>\n\t\t\t\t<div class=\"elementor-element elementor-element-86026a2 elementor-widget elementor-widget-text-editor\" data-id=\"86026a2\" data-element_type=\"widget\" data-e-type=\"widget\" data-widget_type=\"text-editor.default\">\n\t\t\t\t<div class=\"elementor-widget-container\">\n\t\t\t\t\t\t\t\t\t<div class=\"css-3oiot\"><div class=\"css-nzbvfn\"><div class=\"css-1y3h9d3\"><p>Veranstalter ist die Marketinggemeinschaft A30 K\u00fcchenmeile e.V., ein Zusammenschluss von 24 f\u00fchrenden Unternehmen, die gemeinsam rund 90\u202f% des deutschen K\u00fcchenm\u00f6belumsatzes erwirtschaften und als Innovationsmotor f\u00fcr die gesamte Branche gelten.<\/p><p>Die K\u00fcchenmeile A30 steht f\u00fcr einen grundlegenden Wandel im Wohnverst\u00e4ndnis: Die K\u00fcche als Herzst\u00fcck des Hauses ist heute weit mehr als ein funktionaler Raum \u2013 sie ist gestalterisches Zentrum, sozialer Treffpunkt und integrativer Bestandteil moderner Architektur. Aus diesem Anspruch heraus entwickeln die ausstellenden Unternehmen L\u00f6sungen f\u00fcr das ganzheitliche Wohnen: von K\u00fcche und Essbereich \u00fcber Wohnr\u00e4ume, Badm\u00f6blierung, Hauswirtschaftsr\u00e4ume und Garderoben bis hin zu durchdachten Stauraumkonzepten. Pr\u00e4sentiert werden smarte Ger\u00e4te, innovative Beschlagtechnik, nachhaltige Materialien und moderne Oberfl\u00e4chen \u2013 perfekt abgestimmt auf zeitgem\u00e4\u00dfe Lebenswelten.<\/p><p>Mit j\u00e4hrlich rund 25.000 Fachbesuchern, davon etwa 40\u202f% aus dem Ausland, z\u00e4hlt die K\u00fcchenmeile A30 zu den bedeutendsten B2B-Branchenplattformen f\u00fcr K\u00fcche, M\u00f6bel und Interior Design. Im Mittelpunkt stehen der pers\u00f6nliche Dialog, die strategische Produktpr\u00e4sentation und der Auf- und Ausbau langfristiger Gesch\u00e4ftsbeziehungen.<\/p><p>Die K\u00fcchenmeile A30 ist der Ort, an dem ganzheitliche Wohnkonzepte ihren Ursprung nehmen \u2013 aus der K\u00fcche heraus gedacht und konsequent weiterentwickelt f\u00fcr die Architektur von morgen.<\/p><\/div><\/div><\/div>\t\t\t\t\t\t\t\t<\/div>\n\t\t\t\t<\/div>\n\t\t\t\t<\/div>\n\t\t\t\t<\/div>\n\t\t\t\t\t<\/div>\n\t\t\t\t<\/div>\n\t\t<div class=\"elementor-element elementor-element-191d37f max-width e-flex e-con-boxed elementor-invisible e-con e-parent\" data-id=\"191d37f\" data-element_type=\"container\" data-e-type=\"container\" data-settings=\"{&quot;animation&quot;:&quot;fadeInUp&quot;}\">\n\t\t\t\t\t<div class=\"e-con-inner\">\n\t\t\t\t<div class=\"elementor-element elementor-element-10807f9 elementor-grid-3 elementor-grid-tablet-2 elementor-grid-mobile-1 elementor-widget elementor-widget-loop-grid\" data-id=\"10807f9\" data-element_type=\"widget\" data-e-type=\"widget\" data-settings=\"{&quot;template_id&quot;:454,&quot;pagination_type&quot;:&quot;load_more_infinite_scroll&quot;,&quot;columns&quot;:3,&quot;_skin&quot;:&quot;post&quot;,&quot;columns_tablet&quot;:&quot;2&quot;,&quot;columns_mobile&quot;:&quot;1&quot;,&quot;edit_handle_selector&quot;:&quot;[data-elementor-type=\\&quot;loop-item\\&quot;]&quot;,&quot;load_more_spinner&quot;:{&quot;value&quot;:&quot;fas fa-spinner&quot;,&quot;library&quot;:&quot;fa-solid&quot;},&quot;row_gap&quot;:{&quot;unit&quot;:&quot;px&quot;,&quot;size&quot;:&quot;&quot;,&quot;sizes&quot;:[]},&quot;row_gap_widescreen&quot;:{&quot;unit&quot;:&quot;px&quot;,&quot;size&quot;:&quot;&quot;,&quot;sizes&quot;:[]},&quot;row_gap_laptop&quot;:{&quot;unit&quot;:&quot;px&quot;,&quot;size&quot;:&quot;&quot;,&quot;sizes&quot;:[]},&quot;row_gap_tablet&quot;:{&quot;unit&quot;:&quot;px&quot;,&quot;size&quot;:&quot;&quot;,&quot;sizes&quot;:[]},&quot;row_gap_mobile&quot;:{&quot;unit&quot;:&quot;px&quot;,&quot;size&quot;:&quot;&quot;,&quot;sizes&quot;:[]}}\" data-widget_type=\"loop-grid.post\">\n\t\t\t\t<div class=\"elementor-widget-container\">\n\t\t\t\t\t\t\t<div class=\"elementor-loop-container elementor-grid\" role=\"list\">\n\t\t<style id=\"loop-dynamic-454\">.e-loop-item-1569 .elementor-element.elementor-element-b6dbc85:not(.elementor-motion-effects-element-type-background), .e-loop-item-1569 .elementor-element.elementor-element-b6dbc85 > .elementor-motion-effects-container > .elementor-motion-effects-layer{background-image:url(\"https:\/\/www.km-kuechenmeile.de\/wp-content\/uploads\/2025\/09\/FEEL_Taupe_Basalt_Detail.jpg\");}<\/style><style id=\"loop-454\">.elementor-454 .elementor-element.elementor-element-b6dbc85{--display:flex;--min-height:min(24vw,38rem);--flex-direction:column-reverse;--container-widget-width:100%;--container-widget-height:initial;--container-widget-flex-grow:0;--container-widget-align-self:initial;--flex-wrap-mobile:wrap;--padding-top:0px;--padding-bottom:0px;--padding-left:0px;--padding-right:0px;}.elementor-454 .elementor-element.elementor-element-b6dbc85:not(.elementor-motion-effects-element-type-background), .elementor-454 .elementor-element.elementor-element-b6dbc85 > .elementor-motion-effects-container > .elementor-motion-effects-layer{background-position:center center;background-repeat:no-repeat;background-size:cover;}.elementor-454 .elementor-element.elementor-element-f8359cb{--display:flex;--justify-content:center;--align-items:center;--container-widget-width:calc( ( 1 - var( --container-widget-flex-grow ) ) * 100% );--padding-top:0px;--padding-bottom:0px;--padding-left:0px;--padding-right:0px;}.elementor-454 .elementor-element.elementor-element-f8359cb:not(.elementor-motion-effects-element-type-background), .elementor-454 .elementor-element.elementor-element-f8359cb > .elementor-motion-effects-container > .elementor-motion-effects-layer{background-color:transparent;background-image:linear-gradient(180deg, #FFFFFF00 0%, #FFFFFFCC 0%);}.elementor-widget-image .widget-image-caption{color:var( --e-global-color-text );font-family:var( --e-global-typography-text-font-family ), Sans-serif;font-weight:var( --e-global-typography-text-font-weight );text-transform:var( --e-global-typography-text-text-transform );}.elementor-454 .elementor-element.elementor-element-f1dd6f6{text-align:center;width:var( --container-widget-width, 85% );max-width:85%;--container-widget-width:85%;--container-widget-flex-grow:0;}.elementor-454 .elementor-element.elementor-element-f1dd6f6 img{width:50%;max-width:140px;}.elementor-454 .elementor-element.elementor-element-f1dd6f6 > .elementor-widget-container{padding:0px 0px 0px 0px;}.elementor-454 .elementor-element.elementor-element-f1dd6f6.elementor-element{--align-self:center;}@media(max-width:1366px){.elementor-454 .elementor-element.elementor-element-f1dd6f6 img{width:68px;max-width:70px;height:100%;object-fit:contain;object-position:center center;}}@media(min-width:768px){.elementor-454 .elementor-element.elementor-element-b6dbc85{--width:100%;}.elementor-454 .elementor-element.elementor-element-f8359cb{--width:100%;}}@media(min-width:2400px){.elementor-454 .elementor-element.elementor-element-f1dd6f6 img{width:100%;}}@media(max-width:1024px){.elementor-454 .elementor-element.elementor-element-b6dbc85{--min-height:30rem;}.elementor-454 .elementor-element.elementor-element-f1dd6f6 img{width:100%;max-width:80px;}}@media(max-width:767px){.elementor-454 .elementor-element.elementor-element-b6dbc85{--min-height:24rem;}.elementor-454 .elementor-element.elementor-element-f8359cb{--width:100%;--flex-direction:column;--container-widget-width:100%;--container-widget-height:initial;--container-widget-flex-grow:0;--container-widget-align-self:initial;--flex-wrap-mobile:wrap;}.elementor-454 .elementor-element.elementor-element-f1dd6f6 img{width:100%;max-width:65px;height:100%;object-fit:contain;}.elementor-454 .elementor-element.elementor-element-f1dd6f6{width:var( --container-widget-width, 192.391px );max-width:192.391px;--container-widget-width:192.391px;--container-widget-flex-grow:0;}}\/* Start custom CSS for container, class: .elementor-element-f8359cb *\/.elementor-454 .elementor-element.elementor-element-f8359cb{\n    height:30%;\n    backdrop-filter:blur(3px)\n}\/* End custom CSS *\/\n\/* Start custom CSS for container, class: .elementor-element-b6dbc85 *\/.elementor-454 .elementor-element.elementor-element-b6dbc85{\n    height:min(24vw, 38rem);\n        background-size: cover;\n}\/* End custom CSS *\/<\/style>\t\t<div data-elementor-type=\"loop-item\" data-elementor-id=\"454\" class=\"elementor elementor-454 e-loop-item e-loop-item-1569 post-1569 unternehmensseite type-unternehmensseite status-publish hentry\" data-elementor-post-type=\"elementor_library\" data-custom-edit-handle=\"1\">\n\t\t\t<a data-dce-background-image-url=\"https:\/\/www.km-kuechenmeile.de\/wp-content\/uploads\/2025\/09\/FEEL_Taupe_Basalt_Detail.jpg\" class=\"elementor-element elementor-element-b6dbc85 e-con-full e-flex e-con e-parent\" data-id=\"b6dbc85\" data-element_type=\"container\" data-e-type=\"container\" data-settings=\"{&quot;background_background&quot;:&quot;classic&quot;}\" href=\"https:\/\/www.km-kuechenmeile.de\/en\/unternehmensseite\/artego-kuechen-gmbh-co-kg\/\">\n\t\t<div data-dce-background-color=\"#FFFFFF00\" class=\"elementor-element elementor-element-f8359cb e-con-full e-flex e-con e-child\" data-id=\"f8359cb\" data-element_type=\"container\" data-e-type=\"container\" data-settings=\"{&quot;background_background&quot;:&quot;gradient&quot;}\">\n\t\t\t\t<div class=\"elementor-element elementor-element-f1dd6f6 elementor-widget__width-initial elementor-widget-mobile__width-initial elementor-widget elementor-widget-image\" data-id=\"f1dd6f6\" data-element_type=\"widget\" data-e-type=\"widget\" data-widget_type=\"image.default\">\n\t\t\t\t<div class=\"elementor-widget-container\">\n\t\t\t\t\t\t\t\t\t\t\t\t\t\t\t<img decoding=\"async\" width=\"503\" height=\"171\" src=\"https:\/\/www.km-kuechenmeile.de\/wp-content\/uploads\/2025\/05\/logo-artego.png\" class=\"attachment-large size-large wp-image-394\" alt=\"artego Logo - Ihre K\u00fcche - Ihr Stil\" srcset=\"https:\/\/www.km-kuechenmeile.de\/wp-content\/uploads\/2025\/05\/logo-artego.png 503w, https:\/\/www.km-kuechenmeile.de\/wp-content\/uploads\/2025\/05\/logo-artego-300x102.png 300w\" sizes=\"(max-width: 503px) 100vw, 503px\" \/>\t\t\t\t\t\t\t\t\t\t\t\t\t\t\t<\/div>\n\t\t\t\t<\/div>\n\t\t\t\t<\/div>\n\t\t\t\t<\/a>\n\t\t\t\t<\/div>\n\t\t<style id=\"loop-dynamic-454\">.e-loop-item-1570 .elementor-element.elementor-element-b6dbc85:not(.elementor-motion-effects-element-type-background), .e-loop-item-1570 .elementor-element.elementor-element-b6dbc85 > .elementor-motion-effects-container > .elementor-motion-effects-layer{background-image:url(\"https:\/\/www.km-kuechenmeile.de\/wp-content\/uploads\/2025\/08\/23001_MK_6_XL_TOP_1651_ALU_TEC_7910_M03.jpg\");}<\/style>\t\t<div data-elementor-type=\"loop-item\" data-elementor-id=\"454\" class=\"elementor elementor-454 e-loop-item e-loop-item-1570 post-1570 unternehmensseite type-unternehmensseite status-publish hentry\" data-elementor-post-type=\"elementor_library\" data-custom-edit-handle=\"1\">\n\t\t\t<a data-dce-background-image-url=\"https:\/\/www.km-kuechenmeile.de\/wp-content\/uploads\/2025\/08\/23001_MK_6_XL_TOP_1651_ALU_TEC_7910_M03.jpg\" class=\"elementor-element elementor-element-b6dbc85 e-con-full e-flex e-con e-parent\" data-id=\"b6dbc85\" data-element_type=\"container\" data-e-type=\"container\" data-settings=\"{&quot;background_background&quot;:&quot;classic&quot;}\" href=\"https:\/\/www.km-kuechenmeile.de\/en\/unternehmensseite\/ballerina-kuechen-heinz-erwin-ellersiek-gmbh\/\">\n\t\t<div data-dce-background-color=\"#FFFFFF00\" class=\"elementor-element elementor-element-f8359cb e-con-full e-flex e-con e-child\" data-id=\"f8359cb\" data-element_type=\"container\" data-e-type=\"container\" data-settings=\"{&quot;background_background&quot;:&quot;gradient&quot;}\">\n\t\t\t\t<div class=\"elementor-element elementor-element-f1dd6f6 elementor-widget__width-initial elementor-widget-mobile__width-initial elementor-widget elementor-widget-image\" data-id=\"f1dd6f6\" data-element_type=\"widget\" data-e-type=\"widget\" data-widget_type=\"image.default\">\n\t\t\t\t<div class=\"elementor-widget-container\">\n\t\t\t\t\t\t\t\t\t\t\t\t\t\t\t<img decoding=\"async\" width=\"620\" height=\"190\" src=\"https:\/\/www.km-kuechenmeile.de\/wp-content\/uploads\/2025\/05\/ballerina-kuechen-logo.png\" class=\"attachment-large size-large wp-image-848\" alt=\"Ballerina K\u00fcchen Logo - A30 K\u00fcchenmeile\" srcset=\"https:\/\/www.km-kuechenmeile.de\/wp-content\/uploads\/2025\/05\/ballerina-kuechen-logo.png 620w, https:\/\/www.km-kuechenmeile.de\/wp-content\/uploads\/2025\/05\/ballerina-kuechen-logo-300x92.png 300w\" sizes=\"(max-width: 620px) 100vw, 620px\" \/>\t\t\t\t\t\t\t\t\t\t\t\t\t\t\t<\/div>\n\t\t\t\t<\/div>\n\t\t\t\t<\/div>\n\t\t\t\t<\/a>\n\t\t\t\t<\/div>\n\t\t<style id=\"loop-dynamic-454\">.e-loop-item-1571 .elementor-element.elementor-element-b6dbc85:not(.elementor-motion-effects-element-type-background), .e-loop-item-1571 .elementor-element.elementor-element-b6dbc85 > .elementor-motion-effects-container > .elementor-motion-effects-layer{background-image:url(\"https:\/\/www.km-kuechenmeile.de\/wp-content\/uploads\/2025\/06\/Bauformat-Kuechen-Vorschaubild.webp\");}<\/style>\t\t<div data-elementor-type=\"loop-item\" data-elementor-id=\"454\" class=\"elementor elementor-454 e-loop-item e-loop-item-1571 post-1571 unternehmensseite type-unternehmensseite status-publish hentry\" data-elementor-post-type=\"elementor_library\" data-custom-edit-handle=\"1\">\n\t\t\t<a data-dce-background-image-url=\"https:\/\/www.km-kuechenmeile.de\/wp-content\/uploads\/2025\/06\/Bauformat-Kuechen-Vorschaubild.webp\" class=\"elementor-element elementor-element-b6dbc85 e-con-full e-flex e-con e-parent\" data-id=\"b6dbc85\" data-element_type=\"container\" data-e-type=\"container\" data-settings=\"{&quot;background_background&quot;:&quot;classic&quot;}\" href=\"https:\/\/www.km-kuechenmeile.de\/en\/unternehmensseite\/bauformat-kuechen-gmbh-co-kg\/\">\n\t\t<div data-dce-background-color=\"#FFFFFF00\" class=\"elementor-element elementor-element-f8359cb e-con-full e-flex e-con e-child\" data-id=\"f8359cb\" data-element_type=\"container\" data-e-type=\"container\" data-settings=\"{&quot;background_background&quot;:&quot;gradient&quot;}\">\n\t\t\t\t<div class=\"elementor-element elementor-element-f1dd6f6 elementor-widget__width-initial elementor-widget-mobile__width-initial elementor-widget elementor-widget-image\" data-id=\"f1dd6f6\" data-element_type=\"widget\" data-e-type=\"widget\" data-widget_type=\"image.default\">\n\t\t\t\t<div class=\"elementor-widget-container\">\n\t\t\t\t\t\t\t\t\t\t\t\t\t\t\t<img loading=\"lazy\" decoding=\"async\" width=\"507\" height=\"472\" src=\"https:\/\/www.km-kuechenmeile.de\/wp-content\/uploads\/2025\/06\/bauformat-logo.png\" class=\"attachment-large size-large wp-image-1280\" alt=\"Bauformat K\u00fcchen Logo\" srcset=\"https:\/\/www.km-kuechenmeile.de\/wp-content\/uploads\/2025\/06\/bauformat-logo.png 507w, https:\/\/www.km-kuechenmeile.de\/wp-content\/uploads\/2025\/06\/bauformat-logo-300x279.png 300w\" sizes=\"(max-width: 507px) 100vw, 507px\" \/>\t\t\t\t\t\t\t\t\t\t\t\t\t\t\t<\/div>\n\t\t\t\t<\/div>\n\t\t\t\t<\/div>\n\t\t\t\t<\/a>\n\t\t\t\t<\/div>\n\t\t<style id=\"loop-dynamic-454\">.e-loop-item-1572 .elementor-element.elementor-element-b6dbc85:not(.elementor-motion-effects-element-type-background), .e-loop-item-1572 .elementor-element.elementor-element-b6dbc85 > .elementor-motion-effects-container > .elementor-motion-effects-layer{background-image:url(\"https:\/\/www.km-kuechenmeile.de\/wp-content\/uploads\/2025\/06\/Beckermann-Kuechen-Vorschaubild-Kopie.webp\");}<\/style>\t\t<div data-elementor-type=\"loop-item\" data-elementor-id=\"454\" class=\"elementor elementor-454 e-loop-item e-loop-item-1572 post-1572 unternehmensseite type-unternehmensseite status-publish hentry\" data-elementor-post-type=\"elementor_library\" data-custom-edit-handle=\"1\">\n\t\t\t<a data-dce-background-image-url=\"https:\/\/www.km-kuechenmeile.de\/wp-content\/uploads\/2025\/06\/Beckermann-Kuechen-Vorschaubild-Kopie.webp\" class=\"elementor-element elementor-element-b6dbc85 e-con-full e-flex e-con e-parent\" data-id=\"b6dbc85\" data-element_type=\"container\" data-e-type=\"container\" data-settings=\"{&quot;background_background&quot;:&quot;classic&quot;}\" href=\"https:\/\/www.km-kuechenmeile.de\/en\/unternehmensseite\/beckermann-kuechen-gmbh\/\">\n\t\t<div data-dce-background-color=\"#FFFFFF00\" class=\"elementor-element elementor-element-f8359cb e-con-full e-flex e-con e-child\" data-id=\"f8359cb\" data-element_type=\"container\" data-e-type=\"container\" data-settings=\"{&quot;background_background&quot;:&quot;gradient&quot;}\">\n\t\t\t\t<div class=\"elementor-element elementor-element-f1dd6f6 elementor-widget__width-initial elementor-widget-mobile__width-initial elementor-widget elementor-widget-image\" data-id=\"f1dd6f6\" data-element_type=\"widget\" data-e-type=\"widget\" data-widget_type=\"image.default\">\n\t\t\t\t<div class=\"elementor-widget-container\">\n\t\t\t\t\t\t\t\t\t\t\t\t\t\t\t<img loading=\"lazy\" decoding=\"async\" width=\"728\" height=\"201\" src=\"https:\/\/www.km-kuechenmeile.de\/wp-content\/uploads\/2025\/06\/beckermann-logo.png\" class=\"attachment-large size-large wp-image-1802\" alt=\"Beckermann K\u00fcchen Logo\" srcset=\"https:\/\/www.km-kuechenmeile.de\/wp-content\/uploads\/2025\/06\/beckermann-logo.png 728w, https:\/\/www.km-kuechenmeile.de\/wp-content\/uploads\/2025\/06\/beckermann-logo-300x83.png 300w\" sizes=\"(max-width: 728px) 100vw, 728px\" \/>\t\t\t\t\t\t\t\t\t\t\t\t\t\t\t<\/div>\n\t\t\t\t<\/div>\n\t\t\t\t<\/div>\n\t\t\t\t<\/a>\n\t\t\t\t<\/div>\n\t\t<style id=\"loop-dynamic-454\">.e-loop-item-1573 .elementor-element.elementor-element-b6dbc85:not(.elementor-motion-effects-element-type-background), .e-loop-item-1573 .elementor-element.elementor-element-b6dbc85 > .elementor-motion-effects-container > .elementor-motion-effects-layer{background-image:url(\"https:\/\/www.km-kuechenmeile.de\/wp-content\/uploads\/2025\/08\/Trend_U_Val_H_M1kopie-scaled.jpg\");}<\/style>\t\t<div data-elementor-type=\"loop-item\" data-elementor-id=\"454\" class=\"elementor elementor-454 e-loop-item e-loop-item-1573 post-1573 unternehmensseite type-unternehmensseite status-publish hentry\" data-elementor-post-type=\"elementor_library\" data-custom-edit-handle=\"1\">\n\t\t\t<a data-dce-background-image-url=\"https:\/\/www.km-kuechenmeile.de\/wp-content\/uploads\/2025\/08\/Trend_U_Val_H_M1kopie-scaled.jpg\" class=\"elementor-element elementor-element-b6dbc85 e-con-full e-flex e-con e-parent\" data-id=\"b6dbc85\" data-element_type=\"container\" data-e-type=\"container\" data-settings=\"{&quot;background_background&quot;:&quot;classic&quot;}\" href=\"https:\/\/www.km-kuechenmeile.de\/en\/unternehmensseite\/beeck-kuechen-gmbh-co-kg\/\">\n\t\t<div data-dce-background-color=\"#FFFFFF00\" class=\"elementor-element elementor-element-f8359cb e-con-full e-flex e-con e-child\" data-id=\"f8359cb\" data-element_type=\"container\" data-e-type=\"container\" data-settings=\"{&quot;background_background&quot;:&quot;gradient&quot;}\">\n\t\t\t\t<div class=\"elementor-element elementor-element-f1dd6f6 elementor-widget__width-initial elementor-widget-mobile__width-initial elementor-widget elementor-widget-image\" data-id=\"f1dd6f6\" data-element_type=\"widget\" data-e-type=\"widget\" data-widget_type=\"image.default\">\n\t\t\t\t<div class=\"elementor-widget-container\">\n\t\t\t\t\t\t\t\t\t\t\t\t\t\t\t<img loading=\"lazy\" decoding=\"async\" width=\"800\" height=\"544\" src=\"https:\/\/www.km-kuechenmeile.de\/wp-content\/uploads\/2025\/06\/Beeck-Kuechen-logo.png\" class=\"attachment-large size-large wp-image-1817\" alt=\"Beeck K\u00fcchen Logo\" srcset=\"https:\/\/www.km-kuechenmeile.de\/wp-content\/uploads\/2025\/06\/Beeck-Kuechen-logo.png 800w, https:\/\/www.km-kuechenmeile.de\/wp-content\/uploads\/2025\/06\/Beeck-Kuechen-logo-300x204.png 300w, https:\/\/www.km-kuechenmeile.de\/wp-content\/uploads\/2025\/06\/Beeck-Kuechen-logo-768x522.png 768w\" sizes=\"(max-width: 800px) 100vw, 800px\" \/>\t\t\t\t\t\t\t\t\t\t\t\t\t\t\t<\/div>\n\t\t\t\t<\/div>\n\t\t\t\t<\/div>\n\t\t\t\t<\/a>\n\t\t\t\t<\/div>\n\t\t<style id=\"loop-dynamic-454\">.e-loop-item-1574 .elementor-element.elementor-element-b6dbc85:not(.elementor-motion-effects-element-type-background), .e-loop-item-1574 .elementor-element.elementor-element-b6dbc85 > .elementor-motion-effects-container > .elementor-motion-effects-layer{background-image:url(\"https:\/\/www.km-kuechenmeile.de\/wp-content\/uploads\/2025\/09\/Kachelfoto-Startseite.jpg\");}<\/style>\t\t<div data-elementor-type=\"loop-item\" data-elementor-id=\"454\" class=\"elementor elementor-454 e-loop-item e-loop-item-1574 post-1574 unternehmensseite type-unternehmensseite status-publish hentry\" data-elementor-post-type=\"elementor_library\" data-custom-edit-handle=\"1\">\n\t\t\t<a data-dce-background-image-url=\"https:\/\/www.km-kuechenmeile.de\/wp-content\/uploads\/2025\/09\/Kachelfoto-Startseite.jpg\" class=\"elementor-element elementor-element-b6dbc85 e-con-full e-flex e-con e-parent\" data-id=\"b6dbc85\" data-element_type=\"container\" data-e-type=\"container\" data-settings=\"{&quot;background_background&quot;:&quot;classic&quot;}\" href=\"https:\/\/www.km-kuechenmeile.de\/en\/unternehmensseite\/brigitte-kuechen-h-frickemeier-moebelwerk-gmbh\/\">\n\t\t<div data-dce-background-color=\"#FFFFFF00\" class=\"elementor-element elementor-element-f8359cb e-con-full e-flex e-con e-child\" data-id=\"f8359cb\" data-element_type=\"container\" data-e-type=\"container\" data-settings=\"{&quot;background_background&quot;:&quot;gradient&quot;}\">\n\t\t\t\t<div class=\"elementor-element elementor-element-f1dd6f6 elementor-widget__width-initial elementor-widget-mobile__width-initial elementor-widget elementor-widget-image\" data-id=\"f1dd6f6\" data-element_type=\"widget\" data-e-type=\"widget\" data-widget_type=\"image.default\">\n\t\t\t\t<div class=\"elementor-widget-container\">\n\t\t\t\t\t\t\t\t\t\t\t\t\t\t\t<img loading=\"lazy\" decoding=\"async\" width=\"360\" height=\"361\" src=\"https:\/\/www.km-kuechenmeile.de\/wp-content\/uploads\/2025\/06\/brigitte-logo.webp\" class=\"attachment-large size-large wp-image-1837\" alt=\"Brigitte K\u00fcchen Logo\" srcset=\"https:\/\/www.km-kuechenmeile.de\/wp-content\/uploads\/2025\/06\/brigitte-logo.webp 360w, https:\/\/www.km-kuechenmeile.de\/wp-content\/uploads\/2025\/06\/brigitte-logo-300x300.webp 300w, https:\/\/www.km-kuechenmeile.de\/wp-content\/uploads\/2025\/06\/brigitte-logo-150x150.webp 150w\" sizes=\"(max-width: 360px) 100vw, 360px\" \/>\t\t\t\t\t\t\t\t\t\t\t\t\t\t\t<\/div>\n\t\t\t\t<\/div>\n\t\t\t\t<\/div>\n\t\t\t\t<\/a>\n\t\t\t\t<\/div>\n\t\t<style id=\"loop-dynamic-454\">.e-loop-item-1575 .elementor-element.elementor-element-b6dbc85:not(.elementor-motion-effects-element-type-background), .e-loop-item-1575 .elementor-element.elementor-element-b6dbc85 > .elementor-motion-effects-container > .elementor-motion-effects-layer{background-image:url(\"https:\/\/www.km-kuechenmeile.de\/wp-content\/uploads\/2025\/06\/Burger-Kuechen-Vorschaubild.webp\");}<\/style>\t\t<div data-elementor-type=\"loop-item\" data-elementor-id=\"454\" class=\"elementor elementor-454 e-loop-item e-loop-item-1575 post-1575 unternehmensseite type-unternehmensseite status-publish hentry\" data-elementor-post-type=\"elementor_library\" data-custom-edit-handle=\"1\">\n\t\t\t<a data-dce-background-image-url=\"https:\/\/www.km-kuechenmeile.de\/wp-content\/uploads\/2025\/06\/Burger-Kuechen-Vorschaubild.webp\" class=\"elementor-element elementor-element-b6dbc85 e-con-full e-flex e-con e-parent\" data-id=\"b6dbc85\" data-element_type=\"container\" data-e-type=\"container\" data-settings=\"{&quot;background_background&quot;:&quot;classic&quot;}\" href=\"https:\/\/www.km-kuechenmeile.de\/en\/unternehmensseite\/burger-kuechenmoebel-gmbh\/\">\n\t\t<div data-dce-background-color=\"#FFFFFF00\" class=\"elementor-element elementor-element-f8359cb e-con-full e-flex e-con e-child\" data-id=\"f8359cb\" data-element_type=\"container\" data-e-type=\"container\" data-settings=\"{&quot;background_background&quot;:&quot;gradient&quot;}\">\n\t\t\t\t<div class=\"elementor-element elementor-element-f1dd6f6 elementor-widget__width-initial elementor-widget-mobile__width-initial elementor-widget elementor-widget-image\" data-id=\"f1dd6f6\" data-element_type=\"widget\" data-e-type=\"widget\" data-widget_type=\"image.default\">\n\t\t\t\t<div class=\"elementor-widget-container\">\n\t\t\t\t\t\t\t\t\t\t\t\t\t\t\t<img loading=\"lazy\" decoding=\"async\" width=\"800\" height=\"752\" src=\"https:\/\/www.km-kuechenmeile.de\/wp-content\/uploads\/2025\/06\/burger-kuechen-logo-1024x963.webp\" class=\"attachment-large size-large wp-image-1849\" alt=\"Burger K\u00fcchen Logo\" srcset=\"https:\/\/www.km-kuechenmeile.de\/wp-content\/uploads\/2025\/06\/burger-kuechen-logo-1024x963.webp 1024w, https:\/\/www.km-kuechenmeile.de\/wp-content\/uploads\/2025\/06\/burger-kuechen-logo-300x282.webp 300w, https:\/\/www.km-kuechenmeile.de\/wp-content\/uploads\/2025\/06\/burger-kuechen-logo-768x722.webp 768w, https:\/\/www.km-kuechenmeile.de\/wp-content\/uploads\/2025\/06\/burger-kuechen-logo.webp 1280w\" sizes=\"(max-width: 800px) 100vw, 800px\" \/>\t\t\t\t\t\t\t\t\t\t\t\t\t\t\t<\/div>\n\t\t\t\t<\/div>\n\t\t\t\t<\/div>\n\t\t\t\t<\/a>\n\t\t\t\t<\/div>\n\t\t<style id=\"loop-dynamic-454\">.e-loop-item-1576 .elementor-element.elementor-element-b6dbc85:not(.elementor-motion-effects-element-type-background), .e-loop-item-1576 .elementor-element.elementor-element-b6dbc85 > .elementor-motion-effects-container > .elementor-motion-effects-layer{background-image:url(\"https:\/\/www.km-kuechenmeile.de\/wp-content\/uploads\/2025\/06\/BurnOut-Kuechen-Vorschaubild.webp\");}<\/style>\t\t<div data-elementor-type=\"loop-item\" data-elementor-id=\"454\" class=\"elementor elementor-454 e-loop-item e-loop-item-1576 post-1576 unternehmensseite type-unternehmensseite status-publish hentry\" data-elementor-post-type=\"elementor_library\" data-custom-edit-handle=\"1\">\n\t\t\t<a data-dce-background-image-url=\"https:\/\/www.km-kuechenmeile.de\/wp-content\/uploads\/2025\/06\/BurnOut-Kuechen-Vorschaubild.webp\" class=\"elementor-element elementor-element-b6dbc85 e-con-full e-flex e-con e-parent\" data-id=\"b6dbc85\" data-element_type=\"container\" data-e-type=\"container\" data-settings=\"{&quot;background_background&quot;:&quot;classic&quot;}\" href=\"https:\/\/www.km-kuechenmeile.de\/en\/unternehmensseite\/burn-outdoorkitchen\/\">\n\t\t<div data-dce-background-color=\"#FFFFFF00\" class=\"elementor-element elementor-element-f8359cb e-con-full e-flex e-con e-child\" data-id=\"f8359cb\" data-element_type=\"container\" data-e-type=\"container\" data-settings=\"{&quot;background_background&quot;:&quot;gradient&quot;}\">\n\t\t\t\t<div class=\"elementor-element elementor-element-f1dd6f6 elementor-widget__width-initial elementor-widget-mobile__width-initial elementor-widget elementor-widget-image\" data-id=\"f1dd6f6\" data-element_type=\"widget\" data-e-type=\"widget\" data-widget_type=\"image.default\">\n\t\t\t\t<div class=\"elementor-widget-container\">\n\t\t\t\t\t\t\t\t\t\t\t\t\t\t\t<img loading=\"lazy\" decoding=\"async\" width=\"300\" height=\"79\" src=\"https:\/\/www.km-kuechenmeile.de\/wp-content\/uploads\/2025\/08\/burn-outdoorkitchen_300.png\" class=\"attachment-large size-large wp-image-4901\" alt=\"\" srcset=\"https:\/\/www.km-kuechenmeile.de\/wp-content\/uploads\/2025\/08\/burn-outdoorkitchen_300.png 300w, https:\/\/www.km-kuechenmeile.de\/wp-content\/uploads\/2025\/08\/burn-outdoorkitchen_300-18x5.png 18w\" sizes=\"(max-width: 300px) 100vw, 300px\" \/>\t\t\t\t\t\t\t\t\t\t\t\t\t\t\t<\/div>\n\t\t\t\t<\/div>\n\t\t\t\t<\/div>\n\t\t\t\t<\/a>\n\t\t\t\t<\/div>\n\t\t<style id=\"loop-dynamic-454\">.e-loop-item-1577 .elementor-element.elementor-element-b6dbc85:not(.elementor-motion-effects-element-type-background), .e-loop-item-1577 .elementor-element.elementor-element-b6dbc85 > .elementor-motion-effects-container > .elementor-motion-effects-layer{background-image:url(\"https:\/\/www.km-kuechenmeile.de\/wp-content\/uploads\/2025\/09\/express_katalog_2025_Koje_15_Set_1_comp_v0007-scaled.jpg\");}<\/style>\t\t<div data-elementor-type=\"loop-item\" data-elementor-id=\"454\" class=\"elementor elementor-454 e-loop-item e-loop-item-1577 post-1577 unternehmensseite type-unternehmensseite status-publish hentry\" data-elementor-post-type=\"elementor_library\" data-custom-edit-handle=\"1\">\n\t\t\t<a data-dce-background-image-url=\"https:\/\/www.km-kuechenmeile.de\/wp-content\/uploads\/2025\/09\/express_katalog_2025_Koje_15_Set_1_comp_v0007-scaled.jpg\" class=\"elementor-element elementor-element-b6dbc85 e-con-full e-flex e-con e-parent\" data-id=\"b6dbc85\" data-element_type=\"container\" data-e-type=\"container\" data-settings=\"{&quot;background_background&quot;:&quot;classic&quot;}\" href=\"https:\/\/www.km-kuechenmeile.de\/en\/unternehmensseite\/express-kuechen-gmbh-co-kg\/\">\n\t\t<div data-dce-background-color=\"#FFFFFF00\" class=\"elementor-element elementor-element-f8359cb e-con-full e-flex e-con e-child\" data-id=\"f8359cb\" data-element_type=\"container\" data-e-type=\"container\" data-settings=\"{&quot;background_background&quot;:&quot;gradient&quot;}\">\n\t\t\t\t<div class=\"elementor-element elementor-element-f1dd6f6 elementor-widget__width-initial elementor-widget-mobile__width-initial elementor-widget elementor-widget-image\" data-id=\"f1dd6f6\" data-element_type=\"widget\" data-e-type=\"widget\" data-widget_type=\"image.default\">\n\t\t\t\t<div class=\"elementor-widget-container\">\n\t\t\t\t\t\t\t\t\t\t\t\t\t\t\t<img loading=\"lazy\" decoding=\"async\" width=\"180\" height=\"46\" src=\"https:\/\/www.km-kuechenmeile.de\/wp-content\/uploads\/2025\/09\/LogoA30.png\" class=\"attachment-large size-large wp-image-5526\" alt=\"\" srcset=\"https:\/\/www.km-kuechenmeile.de\/wp-content\/uploads\/2025\/09\/LogoA30.png 180w, https:\/\/www.km-kuechenmeile.de\/wp-content\/uploads\/2025\/09\/LogoA30-18x5.png 18w\" sizes=\"(max-width: 180px) 100vw, 180px\" \/>\t\t\t\t\t\t\t\t\t\t\t\t\t\t\t<\/div>\n\t\t\t\t<\/div>\n\t\t\t\t<\/div>\n\t\t\t\t<\/a>\n\t\t\t\t<\/div>\n\t\t<style id=\"loop-dynamic-454\">.e-loop-item-1578 .elementor-element.elementor-element-b6dbc85:not(.elementor-motion-effects-element-type-background), .e-loop-item-1578 .elementor-element.elementor-element-b6dbc85 > .elementor-motion-effects-container > .elementor-motion-effects-layer{background-image:url(\"https:\/\/www.km-kuechenmeile.de\/wp-content\/uploads\/2025\/08\/AURA-GL_Steinbeige_Weiss_MONTREAL-Feineiche-natur\u200b_01-scaled.jpg\");}<\/style>\t\t<div data-elementor-type=\"loop-item\" data-elementor-id=\"454\" class=\"elementor elementor-454 e-loop-item e-loop-item-1578 post-1578 unternehmensseite type-unternehmensseite status-publish hentry\" data-elementor-post-type=\"elementor_library\" data-custom-edit-handle=\"1\">\n\t\t\t<a data-dce-background-image-url=\"https:\/\/www.km-kuechenmeile.de\/wp-content\/uploads\/2025\/08\/AURA-GL_Steinbeige_Weiss_MONTREAL-Feineiche-natur\u200b_01-scaled.jpg\" class=\"elementor-element elementor-element-b6dbc85 e-con-full e-flex e-con e-parent\" data-id=\"b6dbc85\" data-element_type=\"container\" data-e-type=\"container\" data-settings=\"{&quot;background_background&quot;:&quot;classic&quot;}\" href=\"https:\/\/www.km-kuechenmeile.de\/en\/unternehmensseite\/haecker-kuechen-gmbh-co-kg\/\">\n\t\t<div data-dce-background-color=\"#FFFFFF00\" class=\"elementor-element elementor-element-f8359cb e-con-full e-flex e-con e-child\" data-id=\"f8359cb\" data-element_type=\"container\" data-e-type=\"container\" data-settings=\"{&quot;background_background&quot;:&quot;gradient&quot;}\">\n\t\t\t\t<div class=\"elementor-element elementor-element-f1dd6f6 elementor-widget__width-initial elementor-widget-mobile__width-initial elementor-widget elementor-widget-image\" data-id=\"f1dd6f6\" data-element_type=\"widget\" data-e-type=\"widget\" data-widget_type=\"image.default\">\n\t\t\t\t<div class=\"elementor-widget-container\">\n\t\t\t\t\t\t\t\t\t\t\t\t\t\t\t<img loading=\"lazy\" decoding=\"async\" width=\"585\" height=\"186\" src=\"https:\/\/www.km-kuechenmeile.de\/wp-content\/uploads\/2025\/06\/haecker-logo.png\" class=\"attachment-large size-large wp-image-1883\" alt=\"H\u00e4cker Kitchen German Made Logo\" srcset=\"https:\/\/www.km-kuechenmeile.de\/wp-content\/uploads\/2025\/06\/haecker-logo.png 585w, https:\/\/www.km-kuechenmeile.de\/wp-content\/uploads\/2025\/06\/haecker-logo-300x95.png 300w\" sizes=\"(max-width: 585px) 100vw, 585px\" \/>\t\t\t\t\t\t\t\t\t\t\t\t\t\t\t<\/div>\n\t\t\t\t<\/div>\n\t\t\t\t<\/div>\n\t\t\t\t<\/a>\n\t\t\t\t<\/div>\n\t\t<style id=\"loop-dynamic-454\">.e-loop-item-1579 .elementor-element.elementor-element-b6dbc85:not(.elementor-motion-effects-element-type-background), .e-loop-item-1579 .elementor-element.elementor-element-b6dbc85 > .elementor-motion-effects-container > .elementor-motion-effects-layer{background-image:url(\"https:\/\/www.km-kuechenmeile.de\/wp-content\/uploads\/2025\/09\/IP22015900-scaled.jpg\");}<\/style>\t\t<div data-elementor-type=\"loop-item\" data-elementor-id=\"454\" class=\"elementor elementor-454 e-loop-item e-loop-item-1579 post-1579 unternehmensseite type-unternehmensseite status-publish hentry\" data-elementor-post-type=\"elementor_library\" data-custom-edit-handle=\"1\">\n\t\t\t<a data-dce-background-image-url=\"https:\/\/www.km-kuechenmeile.de\/wp-content\/uploads\/2025\/09\/IP22015900-scaled.jpg\" class=\"elementor-element elementor-element-b6dbc85 e-con-full e-flex e-con e-parent\" data-id=\"b6dbc85\" data-element_type=\"container\" data-e-type=\"container\" data-settings=\"{&quot;background_background&quot;:&quot;classic&quot;}\" href=\"https:\/\/www.km-kuechenmeile.de\/en\/unternehmensseite\/impuls-kuechen-gmbh\/\">\n\t\t<div data-dce-background-color=\"#FFFFFF00\" class=\"elementor-element elementor-element-f8359cb e-con-full e-flex e-con e-child\" data-id=\"f8359cb\" data-element_type=\"container\" data-e-type=\"container\" data-settings=\"{&quot;background_background&quot;:&quot;gradient&quot;}\">\n\t\t\t\t<div class=\"elementor-element elementor-element-f1dd6f6 elementor-widget__width-initial elementor-widget-mobile__width-initial elementor-widget elementor-widget-image\" data-id=\"f1dd6f6\" data-element_type=\"widget\" data-e-type=\"widget\" data-widget_type=\"image.default\">\n\t\t\t\t<div class=\"elementor-widget-container\">\n\t\t\t\t\t\t\t\t\t\t\t\t\t\t\t<img loading=\"lazy\" decoding=\"async\" width=\"575\" height=\"160\" src=\"https:\/\/www.km-kuechenmeile.de\/wp-content\/uploads\/2025\/06\/impuls-kuechen-logo.png\" class=\"attachment-large size-large wp-image-1889\" alt=\"Impuls K\u00fcchen Logo\" srcset=\"https:\/\/www.km-kuechenmeile.de\/wp-content\/uploads\/2025\/06\/impuls-kuechen-logo.png 575w, https:\/\/www.km-kuechenmeile.de\/wp-content\/uploads\/2025\/06\/impuls-kuechen-logo-300x83.png 300w\" sizes=\"(max-width: 575px) 100vw, 575px\" \/>\t\t\t\t\t\t\t\t\t\t\t\t\t\t\t<\/div>\n\t\t\t\t<\/div>\n\t\t\t\t<\/div>\n\t\t\t\t<\/a>\n\t\t\t\t<\/div>\n\t\t<style id=\"loop-dynamic-454\">.e-loop-item-1580 .elementor-element.elementor-element-b6dbc85:not(.elementor-motion-effects-element-type-background), .e-loop-item-1580 .elementor-element.elementor-element-b6dbc85 > .elementor-motion-effects-container > .elementor-motion-effects-layer{background-image:url(\"https:\/\/www.km-kuechenmeile.de\/wp-content\/uploads\/2025\/08\/40600-1-scaled.jpg\");}<\/style>\t\t<div data-elementor-type=\"loop-item\" data-elementor-id=\"454\" class=\"elementor elementor-454 e-loop-item e-loop-item-1580 post-1580 unternehmensseite type-unternehmensseite status-publish hentry\" data-elementor-post-type=\"elementor_library\" data-custom-edit-handle=\"1\">\n\t\t\t<a data-dce-background-image-url=\"https:\/\/www.km-kuechenmeile.de\/wp-content\/uploads\/2025\/08\/40600-1-scaled.jpg\" class=\"elementor-element elementor-element-b6dbc85 e-con-full e-flex e-con e-parent\" data-id=\"b6dbc85\" data-element_type=\"container\" data-e-type=\"container\" data-settings=\"{&quot;background_background&quot;:&quot;classic&quot;}\" href=\"https:\/\/www.km-kuechenmeile.de\/en\/unternehmensseite\/kh-system-moebel-gmbh\/\">\n\t\t<div data-dce-background-color=\"#FFFFFF00\" class=\"elementor-element elementor-element-f8359cb e-con-full e-flex e-con e-child\" data-id=\"f8359cb\" data-element_type=\"container\" data-e-type=\"container\" data-settings=\"{&quot;background_background&quot;:&quot;gradient&quot;}\">\n\t\t\t\t<div class=\"elementor-element elementor-element-f1dd6f6 elementor-widget__width-initial elementor-widget-mobile__width-initial elementor-widget elementor-widget-image\" data-id=\"f1dd6f6\" data-element_type=\"widget\" data-e-type=\"widget\" data-widget_type=\"image.default\">\n\t\t\t\t<div class=\"elementor-widget-container\">\n\t\t\t\t\t\t\t\t\t\t\t\t\t\t\t<img loading=\"lazy\" decoding=\"async\" width=\"486\" height=\"353\" src=\"https:\/\/www.km-kuechenmeile.de\/wp-content\/uploads\/2025\/06\/KH-Logo.png\" class=\"attachment-large size-large wp-image-1874\" alt=\"KH System M\u00f6bel Logo\" srcset=\"https:\/\/www.km-kuechenmeile.de\/wp-content\/uploads\/2025\/06\/KH-Logo.png 486w, https:\/\/www.km-kuechenmeile.de\/wp-content\/uploads\/2025\/06\/KH-Logo-300x218.png 300w\" sizes=\"(max-width: 486px) 100vw, 486px\" \/>\t\t\t\t\t\t\t\t\t\t\t\t\t\t\t<\/div>\n\t\t\t\t<\/div>\n\t\t\t\t<\/div>\n\t\t\t\t<\/a>\n\t\t\t\t<\/div>\n\t\t<style id=\"loop-dynamic-454\">.e-loop-item-1581 .elementor-element.elementor-element-b6dbc85:not(.elementor-motion-effects-element-type-background), .e-loop-item-1581 .elementor-element.elementor-element-b6dbc85 > .elementor-motion-effects-container > .elementor-motion-effects-layer{background-image:url(\"https:\/\/www.km-kuechenmeile.de\/wp-content\/uploads\/2025\/09\/2_LEICHT_Preview_Skandinavisches-Wohnen_2025-scaled.jpg\");}<\/style>\t\t<div data-elementor-type=\"loop-item\" data-elementor-id=\"454\" class=\"elementor elementor-454 e-loop-item e-loop-item-1581 post-1581 unternehmensseite type-unternehmensseite status-publish hentry\" data-elementor-post-type=\"elementor_library\" data-custom-edit-handle=\"1\">\n\t\t\t<a data-dce-background-image-url=\"https:\/\/www.km-kuechenmeile.de\/wp-content\/uploads\/2025\/09\/2_LEICHT_Preview_Skandinavisches-Wohnen_2025-scaled.jpg\" class=\"elementor-element elementor-element-b6dbc85 e-con-full e-flex e-con e-parent\" data-id=\"b6dbc85\" data-element_type=\"container\" data-e-type=\"container\" data-settings=\"{&quot;background_background&quot;:&quot;classic&quot;}\" href=\"https:\/\/www.km-kuechenmeile.de\/en\/unternehmensseite\/leicht-kuechen-ag\/\">\n\t\t<div data-dce-background-color=\"#FFFFFF00\" class=\"elementor-element elementor-element-f8359cb e-con-full e-flex e-con e-child\" data-id=\"f8359cb\" data-element_type=\"container\" data-e-type=\"container\" data-settings=\"{&quot;background_background&quot;:&quot;gradient&quot;}\">\n\t\t\t\t<div class=\"elementor-element elementor-element-f1dd6f6 elementor-widget__width-initial elementor-widget-mobile__width-initial elementor-widget elementor-widget-image\" data-id=\"f1dd6f6\" data-element_type=\"widget\" data-e-type=\"widget\" data-widget_type=\"image.default\">\n\t\t\t\t<div class=\"elementor-widget-container\">\n\t\t\t\t\t\t\t\t\t\t\t\t\t\t\t<img loading=\"lazy\" decoding=\"async\" width=\"708\" height=\"708\" src=\"https:\/\/www.km-kuechenmeile.de\/wp-content\/uploads\/2025\/06\/leicht-kuechen-loigo.webp\" class=\"attachment-large size-large wp-image-1895\" alt=\"Leicht K\u00fcchen Logo\" \/>\t\t\t\t\t\t\t\t\t\t\t\t\t\t\t<\/div>\n\t\t\t\t<\/div>\n\t\t\t\t<\/div>\n\t\t\t\t<\/a>\n\t\t\t\t<\/div>\n\t\t<style id=\"loop-dynamic-454\">.e-loop-item-1582 .elementor-element.elementor-element-b6dbc85:not(.elementor-motion-effects-element-type-background), .e-loop-item-1582 .elementor-element.elementor-element-b6dbc85 > .elementor-motion-effects-container > .elementor-motion-effects-layer{background-image:url(\"https:\/\/www.km-kuechenmeile.de\/wp-content\/uploads\/2025\/06\/Menke-Moebelwerke-Kuechen-Vorschaubild.webp\");}<\/style>\t\t<div data-elementor-type=\"loop-item\" data-elementor-id=\"454\" class=\"elementor elementor-454 e-loop-item e-loop-item-1582 post-1582 unternehmensseite type-unternehmensseite status-publish hentry\" data-elementor-post-type=\"elementor_library\" data-custom-edit-handle=\"1\">\n\t\t\t<a data-dce-background-image-url=\"https:\/\/www.km-kuechenmeile.de\/wp-content\/uploads\/2025\/06\/Menke-Moebelwerke-Kuechen-Vorschaubild.webp\" class=\"elementor-element elementor-element-b6dbc85 e-con-full e-flex e-con e-parent\" data-id=\"b6dbc85\" data-element_type=\"container\" data-e-type=\"container\" data-settings=\"{&quot;background_background&quot;:&quot;classic&quot;}\" href=\"https:\/\/www.km-kuechenmeile.de\/en\/unternehmensseite\/menke-kuechen-gmbh-co-kg\/\">\n\t\t<div data-dce-background-color=\"#FFFFFF00\" class=\"elementor-element elementor-element-f8359cb e-con-full e-flex e-con e-child\" data-id=\"f8359cb\" data-element_type=\"container\" data-e-type=\"container\" data-settings=\"{&quot;background_background&quot;:&quot;gradient&quot;}\">\n\t\t\t\t<div class=\"elementor-element elementor-element-f1dd6f6 elementor-widget__width-initial elementor-widget-mobile__width-initial elementor-widget elementor-widget-image\" data-id=\"f1dd6f6\" data-element_type=\"widget\" data-e-type=\"widget\" data-widget_type=\"image.default\">\n\t\t\t\t<div class=\"elementor-widget-container\">\n\t\t\t\t\t\t\t\t\t\t\t\t\t\t\t<img loading=\"lazy\" decoding=\"async\" width=\"800\" height=\"114\" src=\"https:\/\/www.km-kuechenmeile.de\/wp-content\/uploads\/2025\/06\/menke-kuechen-logo.png\" class=\"attachment-large size-large wp-image-1915\" alt=\"\" srcset=\"https:\/\/www.km-kuechenmeile.de\/wp-content\/uploads\/2025\/06\/menke-kuechen-logo.png 994w, https:\/\/www.km-kuechenmeile.de\/wp-content\/uploads\/2025\/06\/menke-kuechen-logo-300x43.png 300w, https:\/\/www.km-kuechenmeile.de\/wp-content\/uploads\/2025\/06\/menke-kuechen-logo-768x110.png 768w\" sizes=\"(max-width: 800px) 100vw, 800px\" \/>\t\t\t\t\t\t\t\t\t\t\t\t\t\t\t<\/div>\n\t\t\t\t<\/div>\n\t\t\t\t<\/div>\n\t\t\t\t<\/a>\n\t\t\t\t<\/div>\n\t\t<style id=\"loop-dynamic-454\">.e-loop-item-1583 .elementor-element.elementor-element-b6dbc85:not(.elementor-motion-effects-element-type-background), .e-loop-item-1583 .elementor-element.elementor-element-b6dbc85 > .elementor-motion-effects-container > .elementor-motion-effects-layer{background-image:url(\"https:\/\/www.km-kuechenmeile.de\/wp-content\/uploads\/2025\/09\/20000223023.highres-1x1-1.jpg\");}<\/style>\t\t<div data-elementor-type=\"loop-item\" data-elementor-id=\"454\" class=\"elementor elementor-454 e-loop-item e-loop-item-1583 post-1583 unternehmensseite type-unternehmensseite status-publish hentry\" data-elementor-post-type=\"elementor_library\" data-custom-edit-handle=\"1\">\n\t\t\t<a data-dce-background-image-url=\"https:\/\/www.km-kuechenmeile.de\/wp-content\/uploads\/2025\/09\/20000223023.highres-1x1-1.jpg\" class=\"elementor-element elementor-element-b6dbc85 e-con-full e-flex e-con e-parent\" data-id=\"b6dbc85\" data-element_type=\"container\" data-e-type=\"container\" data-settings=\"{&quot;background_background&quot;:&quot;classic&quot;}\" href=\"https:\/\/www.km-kuechenmeile.de\/en\/unternehmensseite\/miele-cie-kg\/\">\n\t\t<div data-dce-background-color=\"#FFFFFF00\" class=\"elementor-element elementor-element-f8359cb e-con-full e-flex e-con e-child\" data-id=\"f8359cb\" data-element_type=\"container\" data-e-type=\"container\" data-settings=\"{&quot;background_background&quot;:&quot;gradient&quot;}\">\n\t\t\t\t<div class=\"elementor-element elementor-element-f1dd6f6 elementor-widget__width-initial elementor-widget-mobile__width-initial elementor-widget elementor-widget-image\" data-id=\"f1dd6f6\" data-element_type=\"widget\" data-e-type=\"widget\" data-widget_type=\"image.default\">\n\t\t\t\t<div class=\"elementor-widget-container\">\n\t\t\t\t\t\t\t\t\t\t\t\t\t\t\t<img loading=\"lazy\" decoding=\"async\" width=\"100\" height=\"38\" src=\"https:\/\/www.km-kuechenmeile.de\/wp-content\/uploads\/2025\/06\/Miele-keuchen-logo.svg\" class=\"attachment-large size-large wp-image-1905\" alt=\"Miele K\u00fcchen Logo\" \/>\t\t\t\t\t\t\t\t\t\t\t\t\t\t\t<\/div>\n\t\t\t\t<\/div>\n\t\t\t\t<\/div>\n\t\t\t\t<\/a>\n\t\t\t\t<\/div>\n\t\t<style id=\"loop-dynamic-454\">.e-loop-item-1584 .elementor-element.elementor-element-b6dbc85:not(.elementor-motion-effects-element-type-background), .e-loop-item-1584 .elementor-element.elementor-element-b6dbc85 > .elementor-motion-effects-container > .elementor-motion-effects-layer{background-image:url(\"https:\/\/www.km-kuechenmeile.de\/wp-content\/uploads\/2025\/09\/Kachelfoto_Startseite.jpg\");}<\/style>\t\t<div data-elementor-type=\"loop-item\" data-elementor-id=\"454\" class=\"elementor elementor-454 e-loop-item e-loop-item-1584 post-1584 unternehmensseite type-unternehmensseite status-publish hentry\" data-elementor-post-type=\"elementor_library\" data-custom-edit-handle=\"1\">\n\t\t\t<a data-dce-background-image-url=\"https:\/\/www.km-kuechenmeile.de\/wp-content\/uploads\/2025\/09\/Kachelfoto_Startseite.jpg\" class=\"elementor-element elementor-element-b6dbc85 e-con-full e-flex e-con e-parent\" data-id=\"b6dbc85\" data-element_type=\"container\" data-e-type=\"container\" data-settings=\"{&quot;background_background&quot;:&quot;classic&quot;}\" href=\"https:\/\/www.km-kuechenmeile.de\/en\/unternehmensseite\/nobilia-werke-j-stickling-gmbh-co-kg\/\">\n\t\t<div data-dce-background-color=\"#FFFFFF00\" class=\"elementor-element elementor-element-f8359cb e-con-full e-flex e-con e-child\" data-id=\"f8359cb\" data-element_type=\"container\" data-e-type=\"container\" data-settings=\"{&quot;background_background&quot;:&quot;gradient&quot;}\">\n\t\t\t\t<div class=\"elementor-element elementor-element-f1dd6f6 elementor-widget__width-initial elementor-widget-mobile__width-initial elementor-widget elementor-widget-image\" data-id=\"f1dd6f6\" data-element_type=\"widget\" data-e-type=\"widget\" data-widget_type=\"image.default\">\n\t\t\t\t<div class=\"elementor-widget-container\">\n\t\t\t\t\t\t\t\t\t\t\t\t\t\t\t<img loading=\"lazy\" decoding=\"async\" width=\"180\" height=\"32\" src=\"https:\/\/www.km-kuechenmeile.de\/wp-content\/uploads\/2025\/09\/Logo_nobilia.png\" class=\"attachment-large size-large wp-image-5417\" alt=\"\" srcset=\"https:\/\/www.km-kuechenmeile.de\/wp-content\/uploads\/2025\/09\/Logo_nobilia.png 180w, https:\/\/www.km-kuechenmeile.de\/wp-content\/uploads\/2025\/09\/Logo_nobilia-18x3.png 18w\" sizes=\"(max-width: 180px) 100vw, 180px\" \/>\t\t\t\t\t\t\t\t\t\t\t\t\t\t\t<\/div>\n\t\t\t\t<\/div>\n\t\t\t\t<\/div>\n\t\t\t\t<\/a>\n\t\t\t\t<\/div>\n\t\t<style id=\"loop-dynamic-454\">.e-loop-item-1585 .elementor-element.elementor-element-b6dbc85:not(.elementor-motion-effects-element-type-background), .e-loop-item-1585 .elementor-element.elementor-element-b6dbc85 > .elementor-motion-effects-container > .elementor-motion-effects-layer{background-image:url(\"https:\/\/www.km-kuechenmeile.de\/wp-content\/uploads\/2025\/06\/nolte-Kuechen-Vorschaubild.webp\");}<\/style>\t\t<div data-elementor-type=\"loop-item\" data-elementor-id=\"454\" class=\"elementor elementor-454 e-loop-item e-loop-item-1585 post-1585 unternehmensseite type-unternehmensseite status-publish hentry\" data-elementor-post-type=\"elementor_library\" data-custom-edit-handle=\"1\">\n\t\t\t<a data-dce-background-image-url=\"https:\/\/www.km-kuechenmeile.de\/wp-content\/uploads\/2025\/06\/nolte-Kuechen-Vorschaubild.webp\" class=\"elementor-element elementor-element-b6dbc85 e-con-full e-flex e-con e-parent\" data-id=\"b6dbc85\" data-element_type=\"container\" data-e-type=\"container\" data-settings=\"{&quot;background_background&quot;:&quot;classic&quot;}\" href=\"https:\/\/www.km-kuechenmeile.de\/en\/unternehmensseite\/nolte-kuechen-gmbh-co-kg\/\">\n\t\t<div data-dce-background-color=\"#FFFFFF00\" class=\"elementor-element elementor-element-f8359cb e-con-full e-flex e-con e-child\" data-id=\"f8359cb\" data-element_type=\"container\" data-e-type=\"container\" data-settings=\"{&quot;background_background&quot;:&quot;gradient&quot;}\">\n\t\t\t\t<div class=\"elementor-element elementor-element-f1dd6f6 elementor-widget__width-initial elementor-widget-mobile__width-initial elementor-widget elementor-widget-image\" data-id=\"f1dd6f6\" data-element_type=\"widget\" data-e-type=\"widget\" data-widget_type=\"image.default\">\n\t\t\t\t<div class=\"elementor-widget-container\">\n\t\t\t\t\t\t\t\t\t\t\t\t\t\t\t<img loading=\"lazy\" decoding=\"async\" width=\"514\" height=\"227\" src=\"https:\/\/www.km-kuechenmeile.de\/wp-content\/uploads\/2025\/06\/nolte-kuechen-logo.png\" class=\"attachment-large size-large wp-image-1930\" alt=\"nolte K\u00fcchen Logo\" srcset=\"https:\/\/www.km-kuechenmeile.de\/wp-content\/uploads\/2025\/06\/nolte-kuechen-logo.png 514w, https:\/\/www.km-kuechenmeile.de\/wp-content\/uploads\/2025\/06\/nolte-kuechen-logo-300x132.png 300w\" sizes=\"(max-width: 514px) 100vw, 514px\" \/>\t\t\t\t\t\t\t\t\t\t\t\t\t\t\t<\/div>\n\t\t\t\t<\/div>\n\t\t\t\t<\/div>\n\t\t\t\t<\/a>\n\t\t\t\t<\/div>\n\t\t<style id=\"loop-dynamic-454\">.e-loop-item-1586 .elementor-element.elementor-element-b6dbc85:not(.elementor-motion-effects-element-type-background), .e-loop-item-1586 .elementor-element.elementor-element-b6dbc85 > .elementor-motion-effects-container > .elementor-motion-effects-layer{background-image:url(\"https:\/\/www.km-kuechenmeile.de\/wp-content\/uploads\/2025\/08\/pronorm-Designkueche-japandi-Kuechenplanung-quadrat.webp\");}<\/style>\t\t<div data-elementor-type=\"loop-item\" data-elementor-id=\"454\" class=\"elementor elementor-454 e-loop-item e-loop-item-1586 post-1586 unternehmensseite type-unternehmensseite status-publish hentry\" data-elementor-post-type=\"elementor_library\" data-custom-edit-handle=\"1\">\n\t\t\t<a data-dce-background-image-url=\"https:\/\/www.km-kuechenmeile.de\/wp-content\/uploads\/2025\/08\/pronorm-Designkueche-japandi-Kuechenplanung-quadrat.webp\" class=\"elementor-element elementor-element-b6dbc85 e-con-full e-flex e-con e-parent\" data-id=\"b6dbc85\" data-element_type=\"container\" data-e-type=\"container\" data-settings=\"{&quot;background_background&quot;:&quot;classic&quot;}\" href=\"https:\/\/www.km-kuechenmeile.de\/en\/unternehmensseite\/pronorm-einbaukuechen-gmbh\/\">\n\t\t<div data-dce-background-color=\"#FFFFFF00\" class=\"elementor-element elementor-element-f8359cb e-con-full e-flex e-con e-child\" data-id=\"f8359cb\" data-element_type=\"container\" data-e-type=\"container\" data-settings=\"{&quot;background_background&quot;:&quot;gradient&quot;}\">\n\t\t\t\t<div class=\"elementor-element elementor-element-f1dd6f6 elementor-widget__width-initial elementor-widget-mobile__width-initial elementor-widget elementor-widget-image\" data-id=\"f1dd6f6\" data-element_type=\"widget\" data-e-type=\"widget\" data-widget_type=\"image.default\">\n\t\t\t\t<div class=\"elementor-widget-container\">\n\t\t\t\t\t\t\t\t\t\t\t\t\t\t\t<img loading=\"lazy\" decoding=\"async\" width=\"643\" height=\"131\" src=\"https:\/\/www.km-kuechenmeile.de\/wp-content\/uploads\/2025\/06\/pronorm-logo.png\" class=\"attachment-large size-large wp-image-1946\" alt=\"pronorm Einbauk\u00fcchen Logo\" srcset=\"https:\/\/www.km-kuechenmeile.de\/wp-content\/uploads\/2025\/06\/pronorm-logo.png 643w, https:\/\/www.km-kuechenmeile.de\/wp-content\/uploads\/2025\/06\/pronorm-logo-300x61.png 300w\" sizes=\"(max-width: 643px) 100vw, 643px\" \/>\t\t\t\t\t\t\t\t\t\t\t\t\t\t\t<\/div>\n\t\t\t\t<\/div>\n\t\t\t\t<\/div>\n\t\t\t\t<\/a>\n\t\t\t\t<\/div>\n\t\t<style id=\"loop-dynamic-454\">.e-loop-item-1587 .elementor-element.elementor-element-b6dbc85:not(.elementor-motion-effects-element-type-background), .e-loop-item-1587 .elementor-element.elementor-element-b6dbc85 > .elementor-motion-effects-container > .elementor-motion-effects-layer{background-image:url(\"https:\/\/www.km-kuechenmeile.de\/wp-content\/uploads\/2025\/09\/Rotpunkt_0534_HM03_Hauptschuss_RGB-scaled.jpg\");}<\/style>\t\t<div data-elementor-type=\"loop-item\" data-elementor-id=\"454\" class=\"elementor elementor-454 e-loop-item e-loop-item-1587 post-1587 unternehmensseite type-unternehmensseite status-publish hentry\" data-elementor-post-type=\"elementor_library\" data-custom-edit-handle=\"1\">\n\t\t\t<a data-dce-background-image-url=\"https:\/\/www.km-kuechenmeile.de\/wp-content\/uploads\/2025\/09\/Rotpunkt_0534_HM03_Hauptschuss_RGB-scaled.jpg\" class=\"elementor-element elementor-element-b6dbc85 e-con-full e-flex e-con e-parent\" data-id=\"b6dbc85\" data-element_type=\"container\" data-e-type=\"container\" data-settings=\"{&quot;background_background&quot;:&quot;classic&quot;}\" href=\"https:\/\/www.km-kuechenmeile.de\/en\/unternehmensseite\/rotpunkt-kuechen-gmbh\/\">\n\t\t<div data-dce-background-color=\"#FFFFFF00\" class=\"elementor-element elementor-element-f8359cb e-con-full e-flex e-con e-child\" data-id=\"f8359cb\" data-element_type=\"container\" data-e-type=\"container\" data-settings=\"{&quot;background_background&quot;:&quot;gradient&quot;}\">\n\t\t\t\t<div class=\"elementor-element elementor-element-f1dd6f6 elementor-widget__width-initial elementor-widget-mobile__width-initial elementor-widget elementor-widget-image\" data-id=\"f1dd6f6\" data-element_type=\"widget\" data-e-type=\"widget\" data-widget_type=\"image.default\">\n\t\t\t\t<div class=\"elementor-widget-container\">\n\t\t\t\t\t\t\t\t\t\t\t\t\t\t\t<img loading=\"lazy\" decoding=\"async\" width=\"493\" height=\"410\" src=\"https:\/\/www.km-kuechenmeile.de\/wp-content\/uploads\/2025\/06\/rotpunkt-logo.webp\" class=\"attachment-large size-large wp-image-1953\" alt=\"RotPunkt K\u00fcchen Logo\" srcset=\"https:\/\/www.km-kuechenmeile.de\/wp-content\/uploads\/2025\/06\/rotpunkt-logo.webp 493w, https:\/\/www.km-kuechenmeile.de\/wp-content\/uploads\/2025\/06\/rotpunkt-logo-300x249.webp 300w\" sizes=\"(max-width: 493px) 100vw, 493px\" \/>\t\t\t\t\t\t\t\t\t\t\t\t\t\t\t<\/div>\n\t\t\t\t<\/div>\n\t\t\t\t<\/div>\n\t\t\t\t<\/a>\n\t\t\t\t<\/div>\n\t\t<style id=\"loop-dynamic-454\">.e-loop-item-1588 .elementor-element.elementor-element-b6dbc85:not(.elementor-motion-effects-element-type-background), .e-loop-item-1588 .elementor-element.elementor-element-b6dbc85 > .elementor-motion-effects-container > .elementor-motion-effects-layer{background-image:url(\"https:\/\/www.km-kuechenmeile.de\/wp-content\/uploads\/2025\/08\/Japandi1zu1-scaled.jpg\");}<\/style>\t\t<div data-elementor-type=\"loop-item\" data-elementor-id=\"454\" class=\"elementor elementor-454 e-loop-item e-loop-item-1588 post-1588 unternehmensseite type-unternehmensseite status-publish hentry\" data-elementor-post-type=\"elementor_library\" data-custom-edit-handle=\"1\">\n\t\t\t<a data-dce-background-image-url=\"https:\/\/www.km-kuechenmeile.de\/wp-content\/uploads\/2025\/08\/Japandi1zu1-scaled.jpg\" class=\"elementor-element elementor-element-b6dbc85 e-con-full e-flex e-con e-parent\" data-id=\"b6dbc85\" data-element_type=\"container\" data-e-type=\"container\" data-settings=\"{&quot;background_background&quot;:&quot;classic&quot;}\" href=\"https:\/\/www.km-kuechenmeile.de\/en\/unternehmensseite\/sachsenkuechen-h-j-ebert-gmbh\/\">\n\t\t<div data-dce-background-color=\"#FFFFFF00\" class=\"elementor-element elementor-element-f8359cb e-con-full e-flex e-con e-child\" data-id=\"f8359cb\" data-element_type=\"container\" data-e-type=\"container\" data-settings=\"{&quot;background_background&quot;:&quot;gradient&quot;}\">\n\t\t\t\t<div class=\"elementor-element elementor-element-f1dd6f6 elementor-widget__width-initial elementor-widget-mobile__width-initial elementor-widget elementor-widget-image\" data-id=\"f1dd6f6\" data-element_type=\"widget\" data-e-type=\"widget\" data-widget_type=\"image.default\">\n\t\t\t\t<div class=\"elementor-widget-container\">\n\t\t\t\t\t\t\t\t\t\t\t\t\t\t\t<img loading=\"lazy\" decoding=\"async\" width=\"180\" height=\"69\" src=\"https:\/\/www.km-kuechenmeile.de\/wp-content\/uploads\/2025\/08\/Sachsen_Logo_Frei180.png\" class=\"attachment-large size-large wp-image-5181\" alt=\"\" srcset=\"https:\/\/www.km-kuechenmeile.de\/wp-content\/uploads\/2025\/08\/Sachsen_Logo_Frei180.png 180w, https:\/\/www.km-kuechenmeile.de\/wp-content\/uploads\/2025\/08\/Sachsen_Logo_Frei180-18x7.png 18w\" sizes=\"(max-width: 180px) 100vw, 180px\" \/>\t\t\t\t\t\t\t\t\t\t\t\t\t\t\t<\/div>\n\t\t\t\t<\/div>\n\t\t\t\t<\/div>\n\t\t\t\t<\/a>\n\t\t\t\t<\/div>\n\t\t<style id=\"loop-dynamic-454\">.e-loop-item-1589 .elementor-element.elementor-element-b6dbc85:not(.elementor-motion-effects-element-type-background), .e-loop-item-1589 .elementor-element.elementor-element-b6dbc85 > .elementor-motion-effects-container > .elementor-motion-effects-layer{background-image:url(\"https:\/\/www.km-kuechenmeile.de\/wp-content\/uploads\/2025\/06\/Schroeder-Kuechen-Vorschaubild.webp\");}<\/style>\t\t<div data-elementor-type=\"loop-item\" data-elementor-id=\"454\" class=\"elementor elementor-454 e-loop-item e-loop-item-1589 post-1589 unternehmensseite type-unternehmensseite status-publish hentry\" data-elementor-post-type=\"elementor_library\" data-custom-edit-handle=\"1\">\n\t\t\t<a data-dce-background-image-url=\"https:\/\/www.km-kuechenmeile.de\/wp-content\/uploads\/2025\/06\/Schroeder-Kuechen-Vorschaubild.webp\" class=\"elementor-element elementor-element-b6dbc85 e-con-full e-flex e-con e-parent\" data-id=\"b6dbc85\" data-element_type=\"container\" data-e-type=\"container\" data-settings=\"{&quot;background_background&quot;:&quot;classic&quot;}\" href=\"https:\/\/www.km-kuechenmeile.de\/en\/unternehmensseite\/schroeder-kuechen-gmbh\/\">\n\t\t<div data-dce-background-color=\"#FFFFFF00\" class=\"elementor-element elementor-element-f8359cb e-con-full e-flex e-con e-child\" data-id=\"f8359cb\" data-element_type=\"container\" data-e-type=\"container\" data-settings=\"{&quot;background_background&quot;:&quot;gradient&quot;}\">\n\t\t\t\t<div class=\"elementor-element elementor-element-f1dd6f6 elementor-widget__width-initial elementor-widget-mobile__width-initial elementor-widget elementor-widget-image\" data-id=\"f1dd6f6\" data-element_type=\"widget\" data-e-type=\"widget\" data-widget_type=\"image.default\">\n\t\t\t\t<div class=\"elementor-widget-container\">\n\t\t\t\t\t\t\t\t\t\t\t\t\t\t\t<img loading=\"lazy\" decoding=\"async\" width=\"698\" height=\"173\" src=\"https:\/\/www.km-kuechenmeile.de\/wp-content\/uploads\/2025\/06\/schroeder-kuechen-logo.png\" class=\"attachment-large size-large wp-image-1973\" alt=\"Schr\u00f6der K\u00fcchen Logo\" srcset=\"https:\/\/www.km-kuechenmeile.de\/wp-content\/uploads\/2025\/06\/schroeder-kuechen-logo.png 698w, https:\/\/www.km-kuechenmeile.de\/wp-content\/uploads\/2025\/06\/schroeder-kuechen-logo-300x74.png 300w\" sizes=\"(max-width: 698px) 100vw, 698px\" \/>\t\t\t\t\t\t\t\t\t\t\t\t\t\t\t<\/div>\n\t\t\t\t<\/div>\n\t\t\t\t<\/div>\n\t\t\t\t<\/a>\n\t\t\t\t<\/div>\n\t\t<style id=\"loop-dynamic-454\">.e-loop-item-1590 .elementor-element.elementor-element-b6dbc85:not(.elementor-motion-effects-element-type-background), .e-loop-item-1590 .elementor-element.elementor-element-b6dbc85 > .elementor-motion-effects-container > .elementor-motion-effects-layer{background-image:url(\"https:\/\/www.km-kuechenmeile.de\/wp-content\/uploads\/2025\/09\/K03_Model_15_1zu1-scaled.jpg\");}<\/style>\t\t<div data-elementor-type=\"loop-item\" data-elementor-id=\"454\" class=\"elementor elementor-454 e-loop-item e-loop-item-1590 post-1590 unternehmensseite type-unternehmensseite status-publish hentry\" data-elementor-post-type=\"elementor_library\" data-custom-edit-handle=\"1\">\n\t\t\t<a data-dce-background-image-url=\"https:\/\/www.km-kuechenmeile.de\/wp-content\/uploads\/2025\/09\/K03_Model_15_1zu1-scaled.jpg\" class=\"elementor-element elementor-element-b6dbc85 e-con-full e-flex e-con e-parent\" data-id=\"b6dbc85\" data-element_type=\"container\" data-e-type=\"container\" data-settings=\"{&quot;background_background&quot;:&quot;classic&quot;}\" href=\"https:\/\/www.km-kuechenmeile.de\/en\/unternehmensseite\/schueller-moebelwerk-gmbh\/\">\n\t\t<div data-dce-background-color=\"#FFFFFF00\" class=\"elementor-element elementor-element-f8359cb e-con-full e-flex e-con e-child\" data-id=\"f8359cb\" data-element_type=\"container\" data-e-type=\"container\" data-settings=\"{&quot;background_background&quot;:&quot;gradient&quot;}\">\n\t\t\t\t<div class=\"elementor-element elementor-element-f1dd6f6 elementor-widget__width-initial elementor-widget-mobile__width-initial elementor-widget elementor-widget-image\" data-id=\"f1dd6f6\" data-element_type=\"widget\" data-e-type=\"widget\" data-widget_type=\"image.default\">\n\t\t\t\t<div class=\"elementor-widget-container\">\n\t\t\t\t\t\t\t\t\t\t\t\t\t\t\t<img loading=\"lazy\" decoding=\"async\" width=\"300\" height=\"70\" src=\"https:\/\/www.km-kuechenmeile.de\/wp-content\/uploads\/2025\/06\/schueller-logo.png\" class=\"attachment-large size-large wp-image-1975\" alt=\"Sch\u00fcller K\u00fcchen Logo\" \/>\t\t\t\t\t\t\t\t\t\t\t\t\t\t\t<\/div>\n\t\t\t\t<\/div>\n\t\t\t\t<\/div>\n\t\t\t\t<\/a>\n\t\t\t\t<\/div>\n\t\t<style id=\"loop-dynamic-454\">.e-loop-item-1592 .elementor-element.elementor-element-b6dbc85:not(.elementor-motion-effects-element-type-background), .e-loop-item-1592 .elementor-element.elementor-element-b6dbc85 > .elementor-motion-effects-container > .elementor-motion-effects-layer{background-image:url(\"https:\/\/www.km-kuechenmeile.de\/wp-content\/uploads\/2025\/08\/UNIT_CHOICE_ICONA_satin_dark_steel_527659_04B_Blue_g_C_Web-PPT-JPG_72dpi_204870-3-scaled.jpg\");}<\/style>\t\t<div data-elementor-type=\"loop-item\" data-elementor-id=\"454\" class=\"elementor elementor-454 e-loop-item e-loop-item-1592 post-1592 unternehmensseite type-unternehmensseite status-publish hentry\" data-elementor-post-type=\"elementor_library\" data-custom-edit-handle=\"1\">\n\t\t\t<a data-dce-background-image-url=\"https:\/\/www.km-kuechenmeile.de\/wp-content\/uploads\/2025\/08\/UNIT_CHOICE_ICONA_satin_dark_steel_527659_04B_Blue_g_C_Web-PPT-JPG_72dpi_204870-3-scaled.jpg\" class=\"elementor-element elementor-element-b6dbc85 e-con-full e-flex e-con e-parent\" data-id=\"b6dbc85\" data-element_type=\"container\" data-e-type=\"container\" data-settings=\"{&quot;background_background&quot;:&quot;classic&quot;}\" href=\"https:\/\/www.km-kuechenmeile.de\/en\/unternehmensseite\/blanco-gmbh-co-kg\/\">\n\t\t<div data-dce-background-color=\"#FFFFFF00\" class=\"elementor-element elementor-element-f8359cb e-con-full e-flex e-con e-child\" data-id=\"f8359cb\" data-element_type=\"container\" data-e-type=\"container\" data-settings=\"{&quot;background_background&quot;:&quot;gradient&quot;}\">\n\t\t\t\t<div class=\"elementor-element elementor-element-f1dd6f6 elementor-widget__width-initial elementor-widget-mobile__width-initial elementor-widget elementor-widget-image\" data-id=\"f1dd6f6\" data-element_type=\"widget\" data-e-type=\"widget\" data-widget_type=\"image.default\">\n\t\t\t\t<div class=\"elementor-widget-container\">\n\t\t\t\t\t\t\t\t\t\t\t\t\t\t\t<img loading=\"lazy\" decoding=\"async\" width=\"150\" height=\"35\" src=\"https:\/\/www.km-kuechenmeile.de\/wp-content\/uploads\/2025\/06\/blanco.webp\" class=\"attachment-large size-large wp-image-1736\" alt=\"\" \/>\t\t\t\t\t\t\t\t\t\t\t\t\t\t\t<\/div>\n\t\t\t\t<\/div>\n\t\t\t\t<\/div>\n\t\t\t\t<\/a>\n\t\t\t\t<\/div>\n\t\t<style id=\"loop-dynamic-454\">.e-loop-item-5395 .elementor-element.elementor-element-b6dbc85:not(.elementor-motion-effects-element-type-background), .e-loop-item-5395 .elementor-element.elementor-element-b6dbc85 > .elementor-motion-effects-container > .elementor-motion-effects-layer{background-image:url(\"https:\/\/www.km-kuechenmeile.de\/wp-content\/uploads\/2025\/09\/Z1.312-SAKURA01_N0020_056_Evora-Qstone-Sakura-Lanesto-Forte-TopZero-Copper-liggend-1200px-2.jpg\");}<\/style>\t\t<div data-elementor-type=\"loop-item\" data-elementor-id=\"454\" class=\"elementor elementor-454 e-loop-item e-loop-item-5395 post-5395 unternehmensseite type-unternehmensseite status-publish hentry\" data-elementor-post-type=\"elementor_library\" data-custom-edit-handle=\"1\">\n\t\t\t<a data-dce-background-image-url=\"https:\/\/www.km-kuechenmeile.de\/wp-content\/uploads\/2025\/09\/Z1.312-SAKURA01_N0020_056_Evora-Qstone-Sakura-Lanesto-Forte-TopZero-Copper-liggend-1200px-2.jpg\" class=\"elementor-element elementor-element-b6dbc85 e-con-full e-flex e-con e-parent\" data-id=\"b6dbc85\" data-element_type=\"container\" data-e-type=\"container\" data-settings=\"{&quot;background_background&quot;:&quot;classic&quot;}\" href=\"https:\/\/www.km-kuechenmeile.de\/en\/unternehmensseite\/dekker-zevenhuizen\/\">\n\t\t<div data-dce-background-color=\"#FFFFFF00\" class=\"elementor-element elementor-element-f8359cb e-con-full e-flex e-con e-child\" data-id=\"f8359cb\" data-element_type=\"container\" data-e-type=\"container\" data-settings=\"{&quot;background_background&quot;:&quot;gradient&quot;}\">\n\t\t\t\t<div class=\"elementor-element elementor-element-f1dd6f6 elementor-widget__width-initial elementor-widget-mobile__width-initial elementor-widget elementor-widget-image\" data-id=\"f1dd6f6\" data-element_type=\"widget\" data-e-type=\"widget\" data-widget_type=\"image.default\">\n\t\t\t\t<div class=\"elementor-widget-container\">\n\t\t\t\t\t\t\t\t\t\t\t\t\t\t\t<img loading=\"lazy\" decoding=\"async\" width=\"180\" height=\"75\" src=\"https:\/\/www.km-kuechenmeile.de\/wp-content\/uploads\/2025\/09\/dekker_logo_180px.png\" class=\"attachment-large size-large wp-image-5443\" alt=\"\" srcset=\"https:\/\/www.km-kuechenmeile.de\/wp-content\/uploads\/2025\/09\/dekker_logo_180px.png 180w, https:\/\/www.km-kuechenmeile.de\/wp-content\/uploads\/2025\/09\/dekker_logo_180px-18x8.png 18w\" sizes=\"(max-width: 180px) 100vw, 180px\" \/>\t\t\t\t\t\t\t\t\t\t\t\t\t\t\t<\/div>\n\t\t\t\t<\/div>\n\t\t\t\t<\/div>\n\t\t\t\t<\/a>\n\t\t\t\t<\/div>\n\t\t<style id=\"loop-dynamic-454\">.e-loop-item-1591 .elementor-element.elementor-element-b6dbc85:not(.elementor-motion-effects-element-type-background), .e-loop-item-1591 .elementor-element.elementor-element-b6dbc85 > .elementor-motion-effects-container > .elementor-motion-effects-layer{background-image:url(\"https:\/\/www.km-kuechenmeile.de\/wp-content\/uploads\/2025\/09\/Mood-Wideshot-kitchen-combicooler-supreme-2025-_0010000.tif-1.jpg\");}<\/style>\t\t<div data-elementor-type=\"loop-item\" data-elementor-id=\"454\" class=\"elementor elementor-454 e-loop-item e-loop-item-1591 post-1591 unternehmensseite type-unternehmensseite status-publish hentry\" data-elementor-post-type=\"elementor_library\" data-custom-edit-handle=\"1\">\n\t\t\t<a data-dce-background-image-url=\"https:\/\/www.km-kuechenmeile.de\/wp-content\/uploads\/2025\/09\/Mood-Wideshot-kitchen-combicooler-supreme-2025-_0010000.tif-1.jpg\" class=\"elementor-element elementor-element-b6dbc85 e-con-full e-flex e-con e-parent\" data-id=\"b6dbc85\" data-element_type=\"container\" data-e-type=\"container\" data-settings=\"{&quot;background_background&quot;:&quot;classic&quot;}\" href=\"https:\/\/www.km-kuechenmeile.de\/en\/unternehmensseite\/v-zug-deutschland-gmbh-berlin\/\">\n\t\t<div data-dce-background-color=\"#FFFFFF00\" class=\"elementor-element elementor-element-f8359cb e-con-full e-flex e-con e-child\" data-id=\"f8359cb\" data-element_type=\"container\" data-e-type=\"container\" data-settings=\"{&quot;background_background&quot;:&quot;gradient&quot;}\">\n\t\t\t\t<div class=\"elementor-element elementor-element-f1dd6f6 elementor-widget__width-initial elementor-widget-mobile__width-initial elementor-widget elementor-widget-image\" data-id=\"f1dd6f6\" data-element_type=\"widget\" data-e-type=\"widget\" data-widget_type=\"image.default\">\n\t\t\t\t<div class=\"elementor-widget-container\">\n\t\t\t\t\t\t\t\t\t\t\t\t\t\t\t<img loading=\"lazy\" decoding=\"async\" width=\"250\" height=\"251\" src=\"https:\/\/www.km-kuechenmeile.de\/wp-content\/uploads\/2025\/06\/V-Zug_logo.svg-e1755084515723.png\" class=\"attachment-large size-large wp-image-2651\" alt=\"\" \/>\t\t\t\t\t\t\t\t\t\t\t\t\t\t\t<\/div>\n\t\t\t\t<\/div>\n\t\t\t\t<\/div>\n\t\t\t\t<\/a>\n\t\t\t\t<\/div>\n\t\t\t\t<\/div>\n\t\t\t\t\t<span class=\"e-load-more-spinner\">\n\t\t\t\t<svg aria-hidden=\"true\" class=\"e-font-icon-svg e-fas-spinner\" viewBox=\"0 0 512 512\" xmlns=\"http:\/\/www.w3.org\/2000\/svg\"><path d=\"M304 48c0 26.51-21.49 48-48 48s-48-21.49-48-48 21.49-48 48-48 48 21.49 48 48zm-48 368c-26.51 0-48 21.49-48 48s21.49 48 48 48 48-21.49 48-48-21.49-48-48-48zm208-208c-26.51 0-48 21.49-48 48s21.49 48 48 48 48-21.49 48-48-21.49-48-48-48zM96 256c0-26.51-21.49-48-48-48S0 229.49 0 256s21.49 48 48 48 48-21.49 48-48zm12.922 99.078c-26.51 0-48 21.49-48 48s21.49 48 48 48 48-21.49 48-48c0-26.509-21.491-48-48-48zm294.156 0c-26.51 0-48 21.49-48 48s21.49 48 48 48 48-21.49 48-48c0-26.509-21.49-48-48-48zM108.922 60.922c-26.51 0-48 21.49-48 48s21.49 48 48 48 48-21.49 48-48-21.491-48-48-48z\"><\/path><\/svg>\t\t\t<\/span>\n\t\t\n\t\t\t\t\t\t<\/div>\n\t\t\t\t<\/div>\n\t\t\t\t\t<\/div>\n\t\t\t\t<\/div>\n\t\t\t\t<\/div>\n\t\t","protected":false},"excerpt":{"rendered":"<p>Willkommen bei der K\u00fcchenmeile A30 Europas f\u00fchrende B2B-Plattform f\u00fcr K\u00fcchentrends, Wohnideen und Interior-Innovation Jeweils am dritten September-Wochenende verwandelt sich eine der wirtschaftlich st\u00e4rksten M\u00f6belregionen Europas in das Zentrum f\u00fcr professionellen Austausch, Produktinnovation und Interior-Kompetenz: die K\u00fcchenmeile A30. Seit 1989 bietet dieses einzigartige Eventformat ein inspirierendes Umfeld f\u00fcr Entscheider der K\u00fcchen- und M\u00f6belbranche. In Form zahlreicher, [&hellip;]<\/p>\n","protected":false},"author":2,"featured_media":0,"parent":0,"menu_order":0,"comment_status":"closed","ping_status":"closed","template":"","meta":{"_acf_changed":false,"footnotes":""},"class_list":["post-334","page","type-page","status-publish","hentry"],"acf":[],"_links":{"self":[{"href":"https:\/\/www.km-kuechenmeile.de\/en\/wp-json\/wp\/v2\/pages\/334","targetHints":{"allow":["GET"]}}],"collection":[{"href":"https:\/\/www.km-kuechenmeile.de\/en\/wp-json\/wp\/v2\/pages"}],"about":[{"href":"https:\/\/www.km-kuechenmeile.de\/en\/wp-json\/wp\/v2\/types\/page"}],"author":[{"embeddable":true,"href":"https:\/\/www.km-kuechenmeile.de\/en\/wp-json\/wp\/v2\/users\/2"}],"replies":[{"embeddable":true,"href":"https:\/\/www.km-kuechenmeile.de\/en\/wp-json\/wp\/v2\/comments?post=334"}],"version-history":[{"count":353,"href":"https:\/\/www.km-kuechenmeile.de\/en\/wp-json\/wp\/v2\/pages\/334\/revisions"}],"predecessor-version":[{"id":5599,"href":"https:\/\/www.km-kuechenmeile.de\/en\/wp-json\/wp\/v2\/pages\/334\/revisions\/5599"}],"wp:attachment":[{"href":"https:\/\/www.km-kuechenmeile.de\/en\/wp-json\/wp\/v2\/media?parent=334"}],"curies":[{"name":"wp","href":"https:\/\/api.w.org\/{rel}","templated":true}]}}