{"id":3103,"date":"2025-07-10T14:51:29","date_gmt":"2025-07-10T12:51:29","guid":{"rendered":"http:\/\/wordpress.p694928.webspaceconfig.de\/?page_id=3103"},"modified":"2026-03-26T10:00:19","modified_gmt":"2026-03-26T09:00:19","slug":"impressum","status":"publish","type":"page","link":"https:\/\/www.km-kuechenmeile.de\/en\/impressum\/","title":{"rendered":"Imprint"},"content":{"rendered":"<div data-elementor-type=\"wp-page\" data-elementor-id=\"3103\" class=\"elementor elementor-3103\" data-elementor-post-type=\"page\">\n\t\t\t\t<div class=\"elementor-element elementor-element-d8d6326 e-con-full e-flex e-con e-parent\" data-id=\"d8d6326\" data-element_type=\"container\" data-e-type=\"container\">\n\t\t<div class=\"elementor-element elementor-element-267b77a e-con-full e-flex e-con e-child\" data-id=\"267b77a\" data-element_type=\"container\" data-e-type=\"container\">\n\t\t<div class=\"elementor-element elementor-element-5e741c6 e-con-full e-flex e-con e-child\" data-id=\"5e741c6\" data-element_type=\"container\" data-e-type=\"container\" data-settings=\"{&quot;background_background&quot;:&quot;classic&quot;}\">\n\t\t\t\t<div class=\"elementor-element elementor-element-6afa0f3 elementor-widget elementor-widget-heading\" data-id=\"6afa0f3\" data-element_type=\"widget\" data-e-type=\"widget\" data-widget_type=\"heading.default\">\n\t\t\t\t<div class=\"elementor-widget-container\">\n\t\t\t\t\t<h1 class=\"elementor-heading-title elementor-size-default\">Imprint<\/h1>\t\t\t\t<\/div>\n\t\t\t\t<\/div>\n\t\t\t\t<\/div>\n\t\t\t\t<\/div>\n\t\t\t\t<\/div>\n\t\t<div class=\"elementor-element elementor-element-08f1f2f e-flex e-con-boxed e-con e-parent\" data-id=\"08f1f2f\" data-element_type=\"container\" data-e-type=\"container\">\n\t\t\t\t\t<div class=\"e-con-inner\">\n\t\t\t\t<div data-dce-text-color=\"#475569\" class=\"elementor-element elementor-element-c00cf9e elementor-widget elementor-widget-text-editor\" data-id=\"c00cf9e\" data-element_type=\"widget\" data-e-type=\"widget\" data-widget_type=\"text-editor.default\">\n\t\t\t\t<div class=\"elementor-widget-container\">\n\t\t\t\t\t\t\t\t\t<div class=\"css-8atqhb\"><div class=\"css-3oiot\"><div class=\"css-mja08s\"><p><strong>Marketing association A30 K\u00dcCHENMEILE e.V.<br \/><\/strong>Wei\u00dfheimerstrasse 7<br \/>67549 Worms<br \/>Phone: +49 (0) 6241-979708-10<br \/>Fax: +49 (0) 6241-979708-17<br \/><a href=\"mailto:info@kuechenmeile.de\">info@kuechenmeile.de<\/a><\/p><p><strong>Jointly authorised to represent the Board of Directors:<\/strong><\/p><p>Heidrun Brinkmeyer<br \/>Bruchstrasse 47-51<br \/>32289 R\u00f6dinghausen<\/p><p>Sven Herden<br \/>Loading road 52<br \/>32257 B\u00fcnde<\/p><p>Frank Bayer<br \/>Rother street 1<br \/>91567 Herrieden<\/p><p>Yvonne Davy (Coordination)<br \/>Wei\u00dfheimerstrasse 7<br \/>67549 Worms<\/p><p>Phone: +49 (0) 6241-979708-10<br \/>Fax: +49 (0) 6241-979708-17<br \/><a href=\"mailto:info@kuechenmeile.de\">info@kuechenmeile.de<\/a><\/p><p><strong>The imprint applies to:<br \/><\/strong><strong><a href=\"https:\/\/www.km-kuechenmeile.de\/en\/\" target=\"_blank\" rel=\"noopener\">https:\/\/www.km-kuechenmeile.de\/<\/a><\/strong><\/p><p><strong>Register court:<br \/><\/strong>Bad Oeynhausen Local Court<\/p><p><strong>Register number:<br \/><\/strong>VR 10353<\/p><p><strong>Consultancy, support, implementation:<br \/><\/strong>AP Design GmbH (consulting, support, realisation)<br \/>Bruchm\u00fchlener Str. 2<br \/>49328 Melle<br \/><a href=\"https:\/\/www.apdesign.de\" target=\"_blank\" rel=\"noopener\">www.apdesign.de<\/a><\/p><p>Link to the EU Commission's platform for online dispute resolution:\u00a0<a href=\"https:\/\/ec.europa.eu\/consumers\/odr\" target=\"_blank\" rel=\"noopener\">https:\/\/ec.europa.eu\/consumers\/odr<\/a><\/p><p>We are not obliged to participate in a dispute resolution procedure before a consumer arbitration board and are generally not prepared to do so.<\/p><\/div><\/div><\/div><div class=\"css-1yr4fo2\"><div class=\"css-k1n8gc\"><div class=\"css-1dqjm4o\"><div class=\"css-ugcjbw\">\u00a0<\/div><\/div><\/div><\/div>\t\t\t\t\t\t\t\t<\/div>\n\t\t\t\t<\/div>\n\t\t\t\t\t<\/div>\n\t\t\t\t<\/div>\n\t\t\t\t<\/div>","protected":false},"excerpt":{"rendered":"<p>Impressum Marketinggemeinschaft A30 K\u00dcCHENMEILE e.V.Wei\u00dfheimerstra\u00dfe 767549 WormsFon: +49 (0) 6241-979708-10Fax: +49 (0) 6241-979708-17info@kuechenmeile.de Als Vorstand gemeinschaftlich vertretungsbefugt: Heidrun BrinkmeyerBruchstra\u00dfe 47-5132289 R\u00f6dinghausen Sven HerdenLadestra\u00dfe 5232257 B\u00fcnde Frank BayerRother Stra\u00dfe 191567 Herrieden Yvonne Davy (Koordination)Wei\u00dfheimerstra\u00dfe 767549 Worms Fon: +49 (0) 6241-979708-10Fax: +49 (0) 6241-979708-17info@kuechenmeile.de Das Impressum gilt f\u00fcr:https:\/\/www.km-kuechenmeile.de\/ Registergericht:Amtsgericht Bad Oeynhausen Registernummer:VR 10353 Beratung, Betreuung, Umsetzung:AP Design [&hellip;]<\/p>\n","protected":false},"author":3,"featured_media":0,"parent":0,"menu_order":0,"comment_status":"closed","ping_status":"closed","template":"","meta":{"_acf_changed":false,"footnotes":""},"class_list":["post-3103","page","type-page","status-publish","hentry"],"acf":[],"_links":{"self":[{"href":"https:\/\/www.km-kuechenmeile.de\/en\/wp-json\/wp\/v2\/pages\/3103","targetHints":{"allow":["GET"]}}],"collection":[{"href":"https:\/\/www.km-kuechenmeile.de\/en\/wp-json\/wp\/v2\/pages"}],"about":[{"href":"https:\/\/www.km-kuechenmeile.de\/en\/wp-json\/wp\/v2\/types\/page"}],"author":[{"embeddable":true,"href":"https:\/\/www.km-kuechenmeile.de\/en\/wp-json\/wp\/v2\/users\/3"}],"replies":[{"embeddable":true,"href":"https:\/\/www.km-kuechenmeile.de\/en\/wp-json\/wp\/v2\/comments?post=3103"}],"version-history":[{"count":41,"href":"https:\/\/www.km-kuechenmeile.de\/en\/wp-json\/wp\/v2\/pages\/3103\/revisions"}],"predecessor-version":[{"id":5755,"href":"https:\/\/www.km-kuechenmeile.de\/en\/wp-json\/wp\/v2\/pages\/3103\/revisions\/5755"}],"wp:attachment":[{"href":"https:\/\/www.km-kuechenmeile.de\/en\/wp-json\/wp\/v2\/media?parent=3103"}],"curies":[{"name":"wp","href":"https:\/\/api.w.org\/{rel}","templated":true}]}}